{"id":4681,"date":"2024-10-15T11:00:46","date_gmt":"2024-10-15T09:00:46","guid":{"rendered":"https:\/\/poggenpohlmallorca.com\/?page_id=4681"},"modified":"2024-11-04T14:49:53","modified_gmt":"2024-11-04T13:49:53","slug":"nuestro-estudio","status":"publish","type":"page","link":"https:\/\/poggenpohlmallorca.com\/de\/nuestro-estudio\/","title":{"rendered":"Unsere Studie"},"content":{"rendered":"<div data-elementor-type=\"wp-page\" data-elementor-id=\"4681\" class=\"elementor elementor-4681\" data-elementor-post-type=\"page\">\n\t\t\t\t<div class=\"elementor-element elementor-element-9726d17 e-flex e-con-boxed e-con e-parent\" data-id=\"9726d17\" data-element_type=\"container\">\n\t\t\t\t\t<div class=\"e-con-inner\">\n\t\t\t\t\t<\/div>\n\t\t\t\t<\/div>\n\t\t\t\t<section class=\"elementor-section elementor-top-section elementor-element elementor-element-7c5ce3a elementor-section-content-middle elementor-section-boxed elementor-section-height-default elementor-section-height-default\" data-id=\"7c5ce3a\" data-element_type=\"section\">\n\t\t\t\t\t\t<div class=\"elementor-container elementor-column-gap-extended\">\n\t\t\t\t\t<div class=\"elementor-column elementor-col-50 elementor-top-column elementor-element elementor-element-10b5fab ot-flex-column-vertical\" data-id=\"10b5fab\" data-element_type=\"column\">\n\t\t\t<div class=\"elementor-widget-wrap elementor-element-populated\">\n\t\t\t\t\t\t<div class=\"elementor-element elementor-element-032b86d elementor-widget elementor-widget-image\" data-id=\"032b86d\" data-element_type=\"widget\" data-widget_type=\"image.default\">\n\t\t\t\t<div class=\"elementor-widget-container\">\n\t\t\t\t\t\t\t\t\t\t\t\t\t<img fetchpriority=\"high\" decoding=\"async\" width=\"670\" height=\"577\" src=\"https:\/\/poggenpohlmallorca.com\/wp-content\/uploads\/2024\/10\/montaje_fotos_estudio_disenyo_cocinas_soft.png\" class=\"attachment-full size-full wp-image-5071\" alt=\"\" srcset=\"https:\/\/poggenpohlmallorca.com\/wp-content\/uploads\/2024\/10\/montaje_fotos_estudio_disenyo_cocinas_soft.png 670w, https:\/\/poggenpohlmallorca.com\/wp-content\/uploads\/2024\/10\/montaje_fotos_estudio_disenyo_cocinas_soft-300x258.png 300w, https:\/\/poggenpohlmallorca.com\/wp-content\/uploads\/2024\/10\/montaje_fotos_estudio_disenyo_cocinas_soft-14x12.png 14w\" sizes=\"(max-width: 670px) 100vw, 670px\" \/>\t\t\t\t\t\t\t\t\t\t\t\t\t<\/div>\n\t\t\t\t<\/div>\n\t\t\t\t\t<\/div>\n\t\t<\/div>\n\t\t\t\t<div class=\"elementor-column elementor-col-50 elementor-top-column elementor-element elementor-element-9df5b11 ot-flex-column-vertical\" data-id=\"9df5b11\" data-element_type=\"column\">\n\t\t\t<div class=\"elementor-widget-wrap elementor-element-populated\">\n\t\t\t\t\t\t<div class=\"elementor-element elementor-element-2faf816 elementor-widget elementor-widget-iheading\" data-id=\"2faf816\" data-element_type=\"widget\" data-widget_type=\"iheading.default\">\n\t\t\t\t<div class=\"elementor-widget-container\">\n\t\t\t\t\t<div class=\"ot-heading is-dots\">\r\n\t        <span>POGGENPOHL KITCHENS MALLORCA<\/span>\t        <h2 class=\"main-heading\">Kochen als Lebenseinstellung<\/h2>\t    <\/div>\r\n\t    \t\t<\/div>\n\t\t\t\t<\/div>\n\t\t\t\t<div class=\"elementor-element elementor-element-beb6f21 elementor-widget elementor-widget-text-editor\" data-id=\"beb6f21\" data-element_type=\"widget\" data-widget_type=\"text-editor.default\">\n\t\t\t\t<div class=\"elementor-widget-container\">\n\t\t\t\t\t\t\t<p>Unter <b>Poggenpohl Mallorca<\/b> Wir sind darauf spezialisiert, K\u00fcchen nach Ma\u00df zu entwerfen und f\u00fcr jeden Kunden das ideale Konzept zu finden, denn jedes Projekt ist einzigartig.\u00a0<\/p><p>Poggenpohl, 1892 von Friedemir Poggenpohl mit dem Ziel gegr\u00fcndet, \"die K\u00fcche zu verbessern\", ist auch nach mehr als 130 Jahren noch innovativ und schafft au\u00dfergew\u00f6hnliche Produkte, die R\u00e4ume ver\u00e4ndern.\u00a0<\/p><p>Als H\u00e4ndler auf Mallorca sorgen wir daf\u00fcr, dass sich diese Module harmonisch in jede Umgebung einf\u00fcgen und Ihre K\u00fcche in ein optisches Spektakel verwandeln.<\/p><p>Poggenpohl verbindet moderne architektonische Konzepte mit avantgardistischem Design, herausragender Handwerkskunst und technischer Pr\u00e4zision.<\/p>\t\t\t\t\t\t<\/div>\n\t\t\t\t<\/div>\n\t\t\t\t<div class=\"elementor-element elementor-element-99a2394 elementor-tablet-align-center elementor-widget elementor-widget-ibutton\" data-id=\"99a2394\" data-element_type=\"widget\" data-widget_type=\"ibutton.default\">\n\t\t\t\t<div class=\"elementor-widget-container\">\n\t\t\t\t\t<div class=\"ot-button\">\r\n\t\t\t<a href=\"https:\/\/www.poggenpohl.com\/de\/kontakt\/termin-vereinbaren\/?studioId=6012548\" class=\"octf-btn octf-btn-dark\">Vereinbaren Sie einen Termin<\/a>\r\n\t    <\/div>\r\n\t    \t\t<\/div>\n\t\t\t\t<\/div>\n\t\t\t\t\t<\/div>\n\t\t<\/div>\n\t\t\t\t\t<\/div>\n\t\t<\/section>\n\t\t\t\t<section class=\"elementor-section elementor-top-section elementor-element elementor-element-84327b4 elementor-section-boxed elementor-section-height-default elementor-section-height-default\" data-id=\"84327b4\" data-element_type=\"section\" data-settings=\"{&quot;background_background&quot;:&quot;classic&quot;}\">\n\t\t\t\t\t\t\t<div class=\"elementor-background-overlay\"><\/div>\n\t\t\t\t\t\t\t<div class=\"elementor-container elementor-column-gap-extended\">\n\t\t\t\t\t<div class=\"elementor-column elementor-col-33 elementor-top-column elementor-element elementor-element-b89a176 ot-flex-column-vertical\" data-id=\"b89a176\" data-element_type=\"column\">\n\t\t\t<div class=\"elementor-widget-wrap elementor-element-populated\">\n\t\t\t\t\t\t<div class=\"elementor-element elementor-element-05ba8c7 elementor-widget-tablet__width-initial elementor-widget elementor-widget-iheading\" data-id=\"05ba8c7\" data-element_type=\"widget\" data-widget_type=\"iheading.default\">\n\t\t\t\t<div class=\"elementor-widget-container\">\n\t\t\t\t\t<div class=\"ot-heading\">\r\n\t        <span>[ unsere Dienstleistungen ]<\/span>\t        <h2 class=\"main-heading\">Wir konzentrieren uns darauf, Ihnen Ihre ideale K\u00fcche zu verschaffen<\/h2>\t    <\/div>\r\n\t    \t\t<\/div>\n\t\t\t\t<\/div>\n\t\t\t\t<div class=\"elementor-element elementor-element-45ac63f elementor-widget elementor-widget-ibutton\" data-id=\"45ac63f\" data-element_type=\"widget\" data-widget_type=\"ibutton.default\">\n\t\t\t\t<div class=\"elementor-widget-container\">\n\t\t\t\t\t<div class=\"ot-button\">\r\n\t\t\t<a href=\"https:\/\/poggenpohlmallorca.com\/de\/nuestros-proyectos\/\" class=\"octf-btn octf-btn-dark\">Unsere Projekte<\/a>\r\n\t    <\/div>\r\n\t    \t\t<\/div>\n\t\t\t\t<\/div>\n\t\t\t\t\t<\/div>\n\t\t<\/div>\n\t\t\t\t<div class=\"elementor-column elementor-col-66 elementor-top-column elementor-element elementor-element-be6b3df ot-flex-column-vertical\" data-id=\"be6b3df\" data-element_type=\"column\">\n\t\t\t<div class=\"elementor-widget-wrap elementor-element-populated\">\n\t\t\t\t\t\t<section class=\"elementor-section elementor-inner-section elementor-element elementor-element-f680a01 elementor-section-full_width elementor-section-height-default elementor-section-height-default\" data-id=\"f680a01\" data-element_type=\"section\">\n\t\t\t\t\t\t<div class=\"elementor-container elementor-column-gap-extended\">\n\t\t\t\t\t<div class=\"elementor-column elementor-col-50 elementor-inner-column elementor-element elementor-element-8012779 ot-flex-column-vertical\" data-id=\"8012779\" data-element_type=\"column\">\n\t\t\t<div class=\"elementor-widget-wrap elementor-element-populated\">\n\t\t\t\t\t\t<div class=\"elementor-element elementor-element-cd0a977 elementor-widget elementor-widget-iiconbox2\" data-id=\"cd0a977\" data-element_type=\"widget\" data-widget_type=\"iiconbox2.default\">\n\t\t\t\t<div class=\"elementor-widget-container\">\n\t\t\t\t\t<div class=\"icon-box icon-box--classic icon-box--icon-top\">\r\n\t\t\t<div class=\"icon-main\">\r\n\t\t        \t\t\t    \t\t        <span class=\"ot-flaticon-title\"><\/span>\t        <\/div>\r\n\t        <div class=\"content-box\">\r\n\t\t        <h5 class=\"icon-box-title\"><a href=\"#\" class=\"title-link\">Pers\u00f6nliche Beratung<\/a><\/h5>\t\t        <p>Wir arbeiten eng mit unseren Kunden zusammen, um ihre Vorstellungen von Anfang an zu verstehen. Wir gehen auf ihre Bed\u00fcrfnisse und Vorlieben ein, um eine K\u00fcche zu entwerfen, die ihren Stil widerspiegelt und zu ihrem Lebensstil passt.<\/p>\r\n\t\t\t<\/div>\r\n\t    <\/div>\r\n\t    \t\t<\/div>\n\t\t\t\t<\/div>\n\t\t\t\t\t<\/div>\n\t\t<\/div>\n\t\t\t\t<div class=\"elementor-column elementor-col-50 elementor-inner-column elementor-element elementor-element-ffa4776 ot-flex-column-vertical\" data-id=\"ffa4776\" data-element_type=\"column\">\n\t\t\t<div class=\"elementor-widget-wrap elementor-element-populated\">\n\t\t\t\t\t\t<div class=\"elementor-element elementor-element-f6c3638 elementor-widget elementor-widget-iiconbox2\" data-id=\"f6c3638\" data-element_type=\"widget\" data-widget_type=\"iiconbox2.default\">\n\t\t\t\t<div class=\"elementor-widget-container\">\n\t\t\t\t\t<div class=\"icon-box icon-box--classic icon-box--icon-top\">\r\n\t\t\t<div class=\"icon-main\">\r\n\t\t        \t\t\t    \t\t        <span class=\"ot-flaticon-diamond\"><\/span>\t        <\/div>\r\n\t        <div class=\"content-box\">\r\n\t\t        <h5 class=\"icon-box-title\"><a href=\"#\" class=\"title-link\">Auswahl der Materialien<\/a><\/h5>\t\t        <p>Wir bieten einen pers\u00f6nlichen Service bei der Auswahl der Materialien und beraten Sie \u00fcber die besten Optionen f\u00fcr jedes Projekt. Wir sorgen daf\u00fcr, dass jedes Detail, von der Arbeitsplatte bis zum Finish, den h\u00f6chsten Qualit\u00e4ts- und Designstandards entspricht.<\/p>\r\n\t\t\t<\/div>\r\n\t    <\/div>\r\n\t    \t\t<\/div>\n\t\t\t\t<\/div>\n\t\t\t\t\t<\/div>\n\t\t<\/div>\n\t\t\t\t\t<\/div>\n\t\t<\/section>\n\t\t\t\t<section class=\"elementor-section elementor-inner-section elementor-element elementor-element-943e4f3 elementor-section-full_width elementor-section-height-default elementor-section-height-default\" data-id=\"943e4f3\" data-element_type=\"section\">\n\t\t\t\t\t\t<div class=\"elementor-container elementor-column-gap-extended\">\n\t\t\t\t\t<div class=\"elementor-column elementor-col-50 elementor-inner-column elementor-element elementor-element-a7068aa ot-flex-column-vertical\" data-id=\"a7068aa\" data-element_type=\"column\">\n\t\t\t<div class=\"elementor-widget-wrap elementor-element-populated\">\n\t\t\t\t\t\t<div class=\"elementor-element elementor-element-47f9786 elementor-widget elementor-widget-iiconbox2\" data-id=\"47f9786\" data-element_type=\"widget\" data-widget_type=\"iiconbox2.default\">\n\t\t\t\t<div class=\"elementor-widget-container\">\n\t\t\t\t\t<div class=\"icon-box icon-box--classic icon-box--icon-top\">\r\n\t\t\t<div class=\"icon-main\">\r\n\t\t        \t\t\t    \t\t        <span class=\"ot-flaticon-house\"><\/span>\t        <\/div>\r\n\t        <div class=\"content-box\">\r\n\t\t        <h5 class=\"icon-box-title\"><a href=\"#\" class=\"title-link\">Layout der Anlage<\/a><\/h5>\t\t        <p>Bei der Planung der K\u00fcche achten wir auf eine optimale Raumaufteilung und Funktionalit\u00e4t und schaffen Kompositionen, die \u00c4sthetik und Zweckm\u00e4\u00dfigkeit miteinander verbinden. Wir sorgen daf\u00fcr, dass jedes Element strategisch platziert wird, um Komfort und Effizienz zu gew\u00e4hrleisten.<\/p>\r\n\t\t\t<\/div>\r\n\t    <\/div>\r\n\t    \t\t<\/div>\n\t\t\t\t<\/div>\n\t\t\t\t\t<\/div>\n\t\t<\/div>\n\t\t\t\t<div class=\"elementor-column elementor-col-50 elementor-inner-column elementor-element elementor-element-e5e5240 ot-flex-column-vertical\" data-id=\"e5e5240\" data-element_type=\"column\">\n\t\t\t<div class=\"elementor-widget-wrap elementor-element-populated\">\n\t\t\t\t\t\t<div class=\"elementor-element elementor-element-85821e4 elementor-widget elementor-widget-iiconbox2\" data-id=\"85821e4\" data-element_type=\"widget\" data-widget_type=\"iiconbox2.default\">\n\t\t\t\t<div class=\"elementor-widget-container\">\n\t\t\t\t\t<div class=\"icon-box icon-box--classic icon-box--icon-top\">\r\n\t\t\t<div class=\"icon-main\">\r\n\t\t        \t\t\t    \t\t        <span class=\"ot-flaticon-3d-1\"><\/span>\t        <\/div>\r\n\t        <div class=\"content-box\">\r\n\t\t        <h5 class=\"icon-box-title\"><a href=\"#\" class=\"title-link\">3D-Visualisierung<\/a><\/h5>\t\t        <p>Wir bieten 3D-Visualisierungen an, damit der Kunde vor Beginn des Projekts sehen kann, wie seine K\u00fcche aussehen wird. So kann er sich das endg\u00fcltige Design genau vorstellen und alle Details nach seinen W\u00fcnschen und Erwartungen anpassen.<\/p>\r\n\t\t\t<\/div>\r\n\t    <\/div>\r\n\t    \t\t<\/div>\n\t\t\t\t<\/div>\n\t\t\t\t\t<\/div>\n\t\t<\/div>\n\t\t\t\t\t<\/div>\n\t\t<\/section>\n\t\t\t\t\t<\/div>\n\t\t<\/div>\n\t\t\t\t\t<\/div>\n\t\t<\/section>\n\t\t\t\t<section class=\"elementor-section elementor-top-section elementor-element elementor-element-74050fe elementor-section-content-middle elementor-section-boxed elementor-section-height-default elementor-section-height-default\" data-id=\"74050fe\" data-element_type=\"section\">\n\t\t\t\t\t\t<div class=\"elementor-container elementor-column-gap-extended\">\n\t\t\t\t\t<div class=\"elementor-column elementor-col-100 elementor-top-column elementor-element elementor-element-056f9e1 ot-flex-column-vertical\" data-id=\"056f9e1\" data-element_type=\"column\">\n\t\t\t<div class=\"elementor-widget-wrap elementor-element-populated\">\n\t\t\t\t\t\t<div class=\"elementor-element elementor-element-398d9d3 theratio-align-center elementor-widget elementor-widget-iheading\" data-id=\"398d9d3\" data-element_type=\"widget\" data-widget_type=\"iheading.default\">\n\t\t\t\t<div class=\"elementor-widget-container\">\n\t\t\t\t\t<div class=\"ot-heading is-dots\">\r\n\t        <span>Wir erstellen 3D-Modelle IHRER K\u00dcCHE<\/span>\t        <h2 class=\"main-heading\">Sie werden Ihre K\u00fcche sehen, bevor Sie sie haben<\/h2>\t    <\/div>\r\n\t    \t\t<\/div>\n\t\t\t\t<\/div>\n\t\t\t\t<div class=\"elementor-element elementor-element-b082d95 elementor-widget elementor-widget-gallery\" data-id=\"b082d95\" data-element_type=\"widget\" data-settings=\"{&quot;gallery_layout&quot;:&quot;justified&quot;,&quot;lazyload&quot;:&quot;yes&quot;,&quot;ideal_row_height&quot;:{&quot;unit&quot;:&quot;px&quot;,&quot;size&quot;:200,&quot;sizes&quot;:[]},&quot;ideal_row_height_tablet&quot;:{&quot;unit&quot;:&quot;px&quot;,&quot;size&quot;:150,&quot;sizes&quot;:[]},&quot;ideal_row_height_mobile&quot;:{&quot;unit&quot;:&quot;px&quot;,&quot;size&quot;:150,&quot;sizes&quot;:[]},&quot;gap&quot;:{&quot;unit&quot;:&quot;px&quot;,&quot;size&quot;:10,&quot;sizes&quot;:[]},&quot;gap_tablet&quot;:{&quot;unit&quot;:&quot;px&quot;,&quot;size&quot;:10,&quot;sizes&quot;:[]},&quot;gap_mobile&quot;:{&quot;unit&quot;:&quot;px&quot;,&quot;size&quot;:10,&quot;sizes&quot;:[]},&quot;link_to&quot;:&quot;file&quot;,&quot;overlay_background&quot;:&quot;yes&quot;,&quot;content_hover_animation&quot;:&quot;fade-in&quot;}\" data-widget_type=\"gallery.default\">\n\t\t\t\t<div class=\"elementor-widget-container\">\n\t\t\t\t\t<div class=\"elementor-gallery__container\">\n\t\t\t\t\t\t\t<a class=\"e-gallery-item elementor-gallery-item elementor-animated-content\" href=\"https:\/\/poggenpohlmallorca.com\/wp-content\/uploads\/2024\/11\/proyecto_cocina_en_3d_mallorca727.jpg\" data-elementor-open-lightbox=\"yes\" data-elementor-lightbox-slideshow=\"b082d95\" data-elementor-lightbox-title=\"proyecto_cocina_en_3d_mallorca727\" data-e-action-hash=\"#elementor-action%3Aaction%3Dlightbox%26settings%3DeyJpZCI6NTIxMSwidXJsIjoiaHR0cHM6XC9cL3BvZ2dlbnBvaGxtYWxsb3JjYS5jb21cL3dwLWNvbnRlbnRcL3VwbG9hZHNcLzIwMjRcLzExXC9wcm95ZWN0b19jb2NpbmFfZW5fM2RfbWFsbG9yY2E3MjcuanBnIiwic2xpZGVzaG93IjoiYjA4MmQ5NSJ9\">\n\t\t\t\t\t<div class=\"e-gallery-image elementor-gallery-item__image\" data-thumbnail=\"https:\/\/poggenpohlmallorca.com\/wp-content\/uploads\/2024\/11\/proyecto_cocina_en_3d_mallorca727-300x225.jpg\" data-width=\"300\" data-height=\"225\" aria-label=\"\" role=\"img\" ><\/div>\n\t\t\t\t\t\t\t\t\t\t\t<div class=\"elementor-gallery-item__overlay\"><\/div>\n\t\t\t\t\t\t\t\t\t\t\t\t\t\t<\/a>\n\t\t\t\t\t\t\t<a class=\"e-gallery-item elementor-gallery-item elementor-animated-content\" href=\"https:\/\/poggenpohlmallorca.com\/wp-content\/uploads\/2024\/11\/proyecto_cocina_en_3d_mallorca656.jpg\" data-elementor-open-lightbox=\"yes\" data-elementor-lightbox-slideshow=\"b082d95\" data-elementor-lightbox-title=\"proyecto_cocina_en_3d_mallorca656\" data-e-action-hash=\"#elementor-action%3Aaction%3Dlightbox%26settings%3DeyJpZCI6NTIxMCwidXJsIjoiaHR0cHM6XC9cL3BvZ2dlbnBvaGxtYWxsb3JjYS5jb21cL3dwLWNvbnRlbnRcL3VwbG9hZHNcLzIwMjRcLzExXC9wcm95ZWN0b19jb2NpbmFfZW5fM2RfbWFsbG9yY2E2NTYuanBnIiwic2xpZGVzaG93IjoiYjA4MmQ5NSJ9\">\n\t\t\t\t\t<div class=\"e-gallery-image elementor-gallery-item__image\" data-thumbnail=\"https:\/\/poggenpohlmallorca.com\/wp-content\/uploads\/2024\/11\/proyecto_cocina_en_3d_mallorca656-300x225.jpg\" data-width=\"300\" data-height=\"225\" aria-label=\"\" role=\"img\" ><\/div>\n\t\t\t\t\t\t\t\t\t\t\t<div class=\"elementor-gallery-item__overlay\"><\/div>\n\t\t\t\t\t\t\t\t\t\t\t\t\t\t<\/a>\n\t\t\t\t\t\t\t<a class=\"e-gallery-item elementor-gallery-item elementor-animated-content\" href=\"https:\/\/poggenpohlmallorca.com\/wp-content\/uploads\/2024\/11\/proyecto_cocina_en_3d_mallorca552.jpg\" data-elementor-open-lightbox=\"yes\" data-elementor-lightbox-slideshow=\"b082d95\" data-elementor-lightbox-title=\"proyecto_cocina_en_3d_mallorca552\" data-e-action-hash=\"#elementor-action%3Aaction%3Dlightbox%26settings%3DeyJpZCI6NTIwOSwidXJsIjoiaHR0cHM6XC9cL3BvZ2dlbnBvaGxtYWxsb3JjYS5jb21cL3dwLWNvbnRlbnRcL3VwbG9hZHNcLzIwMjRcLzExXC9wcm95ZWN0b19jb2NpbmFfZW5fM2RfbWFsbG9yY2E1NTIuanBnIiwic2xpZGVzaG93IjoiYjA4MmQ5NSJ9\">\n\t\t\t\t\t<div class=\"e-gallery-image elementor-gallery-item__image\" data-thumbnail=\"https:\/\/poggenpohlmallorca.com\/wp-content\/uploads\/2024\/11\/proyecto_cocina_en_3d_mallorca552-300x225.jpg\" data-width=\"300\" data-height=\"225\" aria-label=\"\" role=\"img\" ><\/div>\n\t\t\t\t\t\t\t\t\t\t\t<div class=\"elementor-gallery-item__overlay\"><\/div>\n\t\t\t\t\t\t\t\t\t\t\t\t\t\t<\/a>\n\t\t\t\t\t\t\t<a class=\"e-gallery-item elementor-gallery-item elementor-animated-content\" href=\"https:\/\/poggenpohlmallorca.com\/wp-content\/uploads\/2024\/11\/proyecto_cocina_en_3d_mallorca450.jpg\" data-elementor-open-lightbox=\"yes\" data-elementor-lightbox-slideshow=\"b082d95\" data-elementor-lightbox-title=\"proyecto_cocina_en_3d_mallorca450\" data-e-action-hash=\"#elementor-action%3Aaction%3Dlightbox%26settings%3DeyJpZCI6NTIwOCwidXJsIjoiaHR0cHM6XC9cL3BvZ2dlbnBvaGxtYWxsb3JjYS5jb21cL3dwLWNvbnRlbnRcL3VwbG9hZHNcLzIwMjRcLzExXC9wcm95ZWN0b19jb2NpbmFfZW5fM2RfbWFsbG9yY2E0NTAuanBnIiwic2xpZGVzaG93IjoiYjA4MmQ5NSJ9\">\n\t\t\t\t\t<div class=\"e-gallery-image elementor-gallery-item__image\" data-thumbnail=\"https:\/\/poggenpohlmallorca.com\/wp-content\/uploads\/2024\/11\/proyecto_cocina_en_3d_mallorca450-300x225.jpg\" data-width=\"300\" data-height=\"225\" aria-label=\"\" role=\"img\" ><\/div>\n\t\t\t\t\t\t\t\t\t\t\t<div class=\"elementor-gallery-item__overlay\"><\/div>\n\t\t\t\t\t\t\t\t\t\t\t\t\t\t<\/a>\n\t\t\t\t\t\t\t<a class=\"e-gallery-item elementor-gallery-item elementor-animated-content\" href=\"https:\/\/poggenpohlmallorca.com\/wp-content\/uploads\/2024\/11\/proyecto_cocina_en_3d_mallorca311.jpg\" data-elementor-open-lightbox=\"yes\" data-elementor-lightbox-slideshow=\"b082d95\" data-elementor-lightbox-title=\"proyecto_cocina_en_3d_mallorca311\" data-e-action-hash=\"#elementor-action%3Aaction%3Dlightbox%26settings%3DeyJpZCI6NTIwNywidXJsIjoiaHR0cHM6XC9cL3BvZ2dlbnBvaGxtYWxsb3JjYS5jb21cL3dwLWNvbnRlbnRcL3VwbG9hZHNcLzIwMjRcLzExXC9wcm95ZWN0b19jb2NpbmFfZW5fM2RfbWFsbG9yY2EzMTEuanBnIiwic2xpZGVzaG93IjoiYjA4MmQ5NSJ9\">\n\t\t\t\t\t<div class=\"e-gallery-image elementor-gallery-item__image\" data-thumbnail=\"https:\/\/poggenpohlmallorca.com\/wp-content\/uploads\/2024\/11\/proyecto_cocina_en_3d_mallorca311-300x225.jpg\" data-width=\"300\" data-height=\"225\" aria-label=\"\" role=\"img\" ><\/div>\n\t\t\t\t\t\t\t\t\t\t\t<div class=\"elementor-gallery-item__overlay\"><\/div>\n\t\t\t\t\t\t\t\t\t\t\t\t\t\t<\/a>\n\t\t\t\t\t\t\t<a class=\"e-gallery-item elementor-gallery-item elementor-animated-content\" href=\"https:\/\/poggenpohlmallorca.com\/wp-content\/uploads\/2024\/11\/proyecto_cocina_en_3d_mallorca-1-26.jpg\" data-elementor-open-lightbox=\"yes\" data-elementor-lightbox-slideshow=\"b082d95\" data-elementor-lightbox-title=\"proyecto_cocina_en_3d_mallorca-1-26\" data-e-action-hash=\"#elementor-action%3Aaction%3Dlightbox%26settings%3DeyJpZCI6NTIwMSwidXJsIjoiaHR0cHM6XC9cL3BvZ2dlbnBvaGxtYWxsb3JjYS5jb21cL3dwLWNvbnRlbnRcL3VwbG9hZHNcLzIwMjRcLzExXC9wcm95ZWN0b19jb2NpbmFfZW5fM2RfbWFsbG9yY2EtMS0yNi5qcGciLCJzbGlkZXNob3ciOiJiMDgyZDk1In0%3D\">\n\t\t\t\t\t<div class=\"e-gallery-image elementor-gallery-item__image\" data-thumbnail=\"https:\/\/poggenpohlmallorca.com\/wp-content\/uploads\/2024\/11\/proyecto_cocina_en_3d_mallorca-1-26-300x225.jpg\" data-width=\"300\" data-height=\"225\" aria-label=\"\" role=\"img\" ><\/div>\n\t\t\t\t\t\t\t\t\t\t\t<div class=\"elementor-gallery-item__overlay\"><\/div>\n\t\t\t\t\t\t\t\t\t\t\t\t\t\t<\/a>\n\t\t\t\t\t\t\t<a class=\"e-gallery-item elementor-gallery-item elementor-animated-content\" href=\"https:\/\/poggenpohlmallorca.com\/wp-content\/uploads\/2024\/11\/proyecto_cocina_en_3d_mallorca262.jpg\" data-elementor-open-lightbox=\"yes\" data-elementor-lightbox-slideshow=\"b082d95\" data-elementor-lightbox-title=\"proyecto_cocina_en_3d_mallorca262\" data-e-action-hash=\"#elementor-action%3Aaction%3Dlightbox%26settings%3DeyJpZCI6NTIwNiwidXJsIjoiaHR0cHM6XC9cL3BvZ2dlbnBvaGxtYWxsb3JjYS5jb21cL3dwLWNvbnRlbnRcL3VwbG9hZHNcLzIwMjRcLzExXC9wcm95ZWN0b19jb2NpbmFfZW5fM2RfbWFsbG9yY2EyNjIuanBnIiwic2xpZGVzaG93IjoiYjA4MmQ5NSJ9\">\n\t\t\t\t\t<div class=\"e-gallery-image elementor-gallery-item__image\" data-thumbnail=\"https:\/\/poggenpohlmallorca.com\/wp-content\/uploads\/2024\/11\/proyecto_cocina_en_3d_mallorca262-300x225.jpg\" data-width=\"300\" data-height=\"225\" aria-label=\"\" role=\"img\" ><\/div>\n\t\t\t\t\t\t\t\t\t\t\t<div class=\"elementor-gallery-item__overlay\"><\/div>\n\t\t\t\t\t\t\t\t\t\t\t\t\t\t<\/a>\n\t\t\t\t\t\t\t<a class=\"e-gallery-item elementor-gallery-item elementor-animated-content\" href=\"https:\/\/poggenpohlmallorca.com\/wp-content\/uploads\/2024\/11\/proyecto_cocina_en_3d_mallorca216.jpg\" data-elementor-open-lightbox=\"yes\" data-elementor-lightbox-slideshow=\"b082d95\" data-elementor-lightbox-title=\"proyecto_cocina_en_3d_mallorca216\" data-e-action-hash=\"#elementor-action%3Aaction%3Dlightbox%26settings%3DeyJpZCI6NTIwNSwidXJsIjoiaHR0cHM6XC9cL3BvZ2dlbnBvaGxtYWxsb3JjYS5jb21cL3dwLWNvbnRlbnRcL3VwbG9hZHNcLzIwMjRcLzExXC9wcm95ZWN0b19jb2NpbmFfZW5fM2RfbWFsbG9yY2EyMTYuanBnIiwic2xpZGVzaG93IjoiYjA4MmQ5NSJ9\">\n\t\t\t\t\t<div class=\"e-gallery-image elementor-gallery-item__image\" data-thumbnail=\"https:\/\/poggenpohlmallorca.com\/wp-content\/uploads\/2024\/11\/proyecto_cocina_en_3d_mallorca216-300x225.jpg\" data-width=\"300\" data-height=\"225\" aria-label=\"\" role=\"img\" ><\/div>\n\t\t\t\t\t\t\t\t\t\t\t<div class=\"elementor-gallery-item__overlay\"><\/div>\n\t\t\t\t\t\t\t\t\t\t\t\t\t\t<\/a>\n\t\t\t\t\t\t\t<a class=\"e-gallery-item elementor-gallery-item elementor-animated-content\" href=\"https:\/\/poggenpohlmallorca.com\/wp-content\/uploads\/2024\/11\/proyecto_cocina_en_3d_mallorca185.jpg\" data-elementor-open-lightbox=\"yes\" data-elementor-lightbox-slideshow=\"b082d95\" data-elementor-lightbox-title=\"proyecto_cocina_en_3d_mallorca185\" data-e-action-hash=\"#elementor-action%3Aaction%3Dlightbox%26settings%3DeyJpZCI6NTIwNCwidXJsIjoiaHR0cHM6XC9cL3BvZ2dlbnBvaGxtYWxsb3JjYS5jb21cL3dwLWNvbnRlbnRcL3VwbG9hZHNcLzIwMjRcLzExXC9wcm95ZWN0b19jb2NpbmFfZW5fM2RfbWFsbG9yY2ExODUuanBnIiwic2xpZGVzaG93IjoiYjA4MmQ5NSJ9\">\n\t\t\t\t\t<div class=\"e-gallery-image elementor-gallery-item__image\" data-thumbnail=\"https:\/\/poggenpohlmallorca.com\/wp-content\/uploads\/2024\/11\/proyecto_cocina_en_3d_mallorca185-300x225.jpg\" data-width=\"300\" data-height=\"225\" aria-label=\"\" role=\"img\" ><\/div>\n\t\t\t\t\t\t\t\t\t\t\t<div class=\"elementor-gallery-item__overlay\"><\/div>\n\t\t\t\t\t\t\t\t\t\t\t\t\t\t<\/a>\n\t\t\t\t\t\t\t<a class=\"e-gallery-item elementor-gallery-item elementor-animated-content\" href=\"https:\/\/poggenpohlmallorca.com\/wp-content\/uploads\/2024\/11\/proyecto_cocina_en_3d_mallorca42.jpg\" data-elementor-open-lightbox=\"yes\" data-elementor-lightbox-slideshow=\"b082d95\" data-elementor-lightbox-title=\"proyecto_cocina_en_3d_mallorca42\" data-e-action-hash=\"#elementor-action%3Aaction%3Dlightbox%26settings%3DeyJpZCI6NTIwMywidXJsIjoiaHR0cHM6XC9cL3BvZ2dlbnBvaGxtYWxsb3JjYS5jb21cL3dwLWNvbnRlbnRcL3VwbG9hZHNcLzIwMjRcLzExXC9wcm95ZWN0b19jb2NpbmFfZW5fM2RfbWFsbG9yY2E0Mi5qcGciLCJzbGlkZXNob3ciOiJiMDgyZDk1In0%3D\">\n\t\t\t\t\t<div class=\"e-gallery-image elementor-gallery-item__image\" data-thumbnail=\"https:\/\/poggenpohlmallorca.com\/wp-content\/uploads\/2024\/11\/proyecto_cocina_en_3d_mallorca42-300x225.jpg\" data-width=\"300\" data-height=\"225\" aria-label=\"\" role=\"img\" ><\/div>\n\t\t\t\t\t\t\t\t\t\t\t<div class=\"elementor-gallery-item__overlay\"><\/div>\n\t\t\t\t\t\t\t\t\t\t\t\t\t\t<\/a>\n\t\t\t\t\t\t\t<a class=\"e-gallery-item elementor-gallery-item elementor-animated-content\" href=\"https:\/\/poggenpohlmallorca.com\/wp-content\/uploads\/2024\/11\/proyecto_cocina_en_3d_mallorca35.jpg\" data-elementor-open-lightbox=\"yes\" data-elementor-lightbox-slideshow=\"b082d95\" data-elementor-lightbox-title=\"proyecto_cocina_en_3d_mallorca35\" data-e-action-hash=\"#elementor-action%3Aaction%3Dlightbox%26settings%3DeyJpZCI6NTIwMiwidXJsIjoiaHR0cHM6XC9cL3BvZ2dlbnBvaGxtYWxsb3JjYS5jb21cL3dwLWNvbnRlbnRcL3VwbG9hZHNcLzIwMjRcLzExXC9wcm95ZWN0b19jb2NpbmFfZW5fM2RfbWFsbG9yY2EzNS5qcGciLCJzbGlkZXNob3ciOiJiMDgyZDk1In0%3D\">\n\t\t\t\t\t<div class=\"e-gallery-image elementor-gallery-item__image\" data-thumbnail=\"https:\/\/poggenpohlmallorca.com\/wp-content\/uploads\/2024\/11\/proyecto_cocina_en_3d_mallorca35-300x225.jpg\" data-width=\"300\" data-height=\"225\" aria-label=\"\" role=\"img\" ><\/div>\n\t\t\t\t\t\t\t\t\t\t\t<div class=\"elementor-gallery-item__overlay\"><\/div>\n\t\t\t\t\t\t\t\t\t\t\t\t\t\t<\/a>\n\t\t\t\t\t<\/div>\n\t\t\t<\/div>\n\t\t\t\t<\/div>\n\t\t\t\t\t<\/div>\n\t\t<\/div>\n\t\t\t\t\t<\/div>\n\t\t<\/section>\n\t\t\t\t<\/div>","protected":false},"excerpt":{"rendered":"<p>POGGENPOHL KITCHENS MALLORCA La cocina como forma de vida En Poggenpohl Mallorca nos especializamos en dise\u00f1ar cocinas personalizadas, encontrando el concepto ideal para cada cliente, ya que cada proyecto es \u00fanico.\u00a0 Poggenpohl, fundada en 1892 por Friedemir Poggenpohl con el prop\u00f3sito de \u00abmejorar la cocina\u00bb, sigue innovando tras m\u00e1s de 130 a\u00f1os, creando productos excepcionales [&hellip;]<\/p>","protected":false},"author":1,"featured_media":0,"parent":0,"menu_order":0,"comment_status":"closed","ping_status":"closed","template":"","meta":{"footnotes":""},"class_list":["post-4681","page","type-page","status-publish","hentry"],"yoast_head":"<!-- This site is optimized with the Yoast SEO plugin v24.0 - https:\/\/yoast.com\/wordpress\/plugins\/seo\/ -->\n<title>Nuestro estudio - Poggenpohl Mallorca<\/title>\n<meta name=\"robots\" content=\"index, follow, max-snippet:-1, max-image-preview:large, max-video-preview:-1\" \/>\n<link rel=\"canonical\" href=\"https:\/\/poggenpohlmallorca.com\/de\/nuestro-estudio\/\" \/>\n<meta property=\"og:locale\" content=\"de_DE\" \/>\n<meta property=\"og:type\" content=\"article\" \/>\n<meta property=\"og:title\" content=\"Nuestro estudio - Poggenpohl Mallorca\" \/>\n<meta property=\"og:description\" content=\"POGGENPOHL KITCHENS MALLORCA La cocina como forma de vida En Poggenpohl Mallorca nos especializamos en dise\u00f1ar cocinas personalizadas, encontrando el concepto ideal para cada cliente, ya que cada proyecto es \u00fanico.\u00a0 Poggenpohl, fundada en 1892 por Friedemir Poggenpohl con el prop\u00f3sito de \u00abmejorar la cocina\u00bb, sigue innovando tras m\u00e1s de 130 a\u00f1os, creando productos excepcionales [&hellip;]\" \/>\n<meta property=\"og:url\" content=\"https:\/\/poggenpohlmallorca.com\/de\/nuestro-estudio\/\" \/>\n<meta property=\"og:site_name\" content=\"Poggenpohl Mallorca\" \/>\n<meta property=\"article:publisher\" content=\"https:\/\/www.facebook.com\/p\/Poggenpohlmallorca-100083286881701\/\" \/>\n<meta property=\"article:modified_time\" content=\"2024-11-04T13:49:53+00:00\" \/>\n<meta property=\"og:image\" content=\"https:\/\/poggenpohlmallorca.com\/wp-content\/uploads\/2024\/10\/montaje_fotos_estudio_disenyo_cocinas_soft.png\" \/>\n\t<meta property=\"og:image:width\" content=\"670\" \/>\n\t<meta property=\"og:image:height\" content=\"577\" \/>\n\t<meta property=\"og:image:type\" content=\"image\/png\" \/>\n<meta name=\"twitter:card\" content=\"summary_large_image\" \/>\n<meta name=\"twitter:label1\" content=\"Est. reading time\" \/>\n\t<meta name=\"twitter:data1\" content=\"2 Minuten\" \/>\n<script type=\"application\/ld+json\" class=\"yoast-schema-graph\">{\"@context\":\"https:\/\/schema.org\",\"@graph\":[{\"@type\":\"WebPage\",\"@id\":\"https:\/\/poggenpohlmallorca.com\/nuestro-estudio\/\",\"url\":\"https:\/\/poggenpohlmallorca.com\/nuestro-estudio\/\",\"name\":\"Nuestro estudio - Poggenpohl Mallorca\",\"isPartOf\":{\"@id\":\"https:\/\/poggenpohlmallorca.com\/#website\"},\"primaryImageOfPage\":{\"@id\":\"https:\/\/poggenpohlmallorca.com\/nuestro-estudio\/#primaryimage\"},\"image\":{\"@id\":\"https:\/\/poggenpohlmallorca.com\/nuestro-estudio\/#primaryimage\"},\"thumbnailUrl\":\"https:\/\/poggenpohlmallorca.com\/wp-content\/uploads\/2024\/10\/montaje_fotos_estudio_disenyo_cocinas_soft.png\",\"datePublished\":\"2024-10-15T09:00:46+00:00\",\"dateModified\":\"2024-11-04T13:49:53+00:00\",\"breadcrumb\":{\"@id\":\"https:\/\/poggenpohlmallorca.com\/nuestro-estudio\/#breadcrumb\"},\"inLanguage\":\"de\",\"potentialAction\":[{\"@type\":\"ReadAction\",\"target\":[\"https:\/\/poggenpohlmallorca.com\/nuestro-estudio\/\"]}]},{\"@type\":\"ImageObject\",\"inLanguage\":\"de\",\"@id\":\"https:\/\/poggenpohlmallorca.com\/nuestro-estudio\/#primaryimage\",\"url\":\"https:\/\/poggenpohlmallorca.com\/wp-content\/uploads\/2024\/10\/montaje_fotos_estudio_disenyo_cocinas_soft.png\",\"contentUrl\":\"https:\/\/poggenpohlmallorca.com\/wp-content\/uploads\/2024\/10\/montaje_fotos_estudio_disenyo_cocinas_soft.png\"},{\"@type\":\"BreadcrumbList\",\"@id\":\"https:\/\/poggenpohlmallorca.com\/nuestro-estudio\/#breadcrumb\",\"itemListElement\":[{\"@type\":\"ListItem\",\"position\":1,\"name\":\"Home\",\"item\":\"https:\/\/poggenpohlmallorca.com\/\"},{\"@type\":\"ListItem\",\"position\":2,\"name\":\"Nuestro estudio\"}]},{\"@type\":\"WebSite\",\"@id\":\"https:\/\/poggenpohlmallorca.com\/#website\",\"url\":\"https:\/\/poggenpohlmallorca.com\/\",\"name\":\"Poggenpohl Mallorca\",\"description\":\"Cocinas de lujo en Mallorca\",\"publisher\":{\"@id\":\"https:\/\/poggenpohlmallorca.com\/#organization\"},\"potentialAction\":[{\"@type\":\"SearchAction\",\"target\":{\"@type\":\"EntryPoint\",\"urlTemplate\":\"https:\/\/poggenpohlmallorca.com\/?s={search_term_string}\"},\"query-input\":{\"@type\":\"PropertyValueSpecification\",\"valueRequired\":true,\"valueName\":\"search_term_string\"}}],\"inLanguage\":\"de\"},{\"@type\":\"Organization\",\"@id\":\"https:\/\/poggenpohlmallorca.com\/#organization\",\"name\":\"Poggenpohl Mallorca\",\"url\":\"https:\/\/poggenpohlmallorca.com\/\",\"logo\":{\"@type\":\"ImageObject\",\"inLanguage\":\"de\",\"@id\":\"https:\/\/poggenpohlmallorca.com\/#\/schema\/logo\/image\/\",\"url\":\"https:\/\/poggenpohlmallorca.com\/wp-content\/uploads\/2020\/04\/Poggenpohl_Logo_Black.svg\",\"contentUrl\":\"https:\/\/poggenpohlmallorca.com\/wp-content\/uploads\/2020\/04\/Poggenpohl_Logo_Black.svg\",\"width\":75,\"height\":48,\"caption\":\"Poggenpohl Mallorca\"},\"image\":{\"@id\":\"https:\/\/poggenpohlmallorca.com\/#\/schema\/logo\/image\/\"},\"sameAs\":[\"https:\/\/www.facebook.com\/p\/Poggenpohlmallorca-100083286881701\/\",\"https:\/\/www.instagram.com\/poggenpohlmallorca\/\"]}]}<\/script>\n<!-- \/ Yoast SEO plugin. -->","yoast_head_json":{"title":"Nuestro estudio - Poggenpohl Mallorca","robots":{"index":"index","follow":"follow","max-snippet":"max-snippet:-1","max-image-preview":"max-image-preview:large","max-video-preview":"max-video-preview:-1"},"canonical":"https:\/\/poggenpohlmallorca.com\/de\/nuestro-estudio\/","og_locale":"de_DE","og_type":"article","og_title":"Nuestro estudio - Poggenpohl Mallorca","og_description":"POGGENPOHL KITCHENS MALLORCA La cocina como forma de vida En Poggenpohl Mallorca nos especializamos en dise\u00f1ar cocinas personalizadas, encontrando el concepto ideal para cada cliente, ya que cada proyecto es \u00fanico.\u00a0 Poggenpohl, fundada en 1892 por Friedemir Poggenpohl con el prop\u00f3sito de \u00abmejorar la cocina\u00bb, sigue innovando tras m\u00e1s de 130 a\u00f1os, creando productos excepcionales [&hellip;]","og_url":"https:\/\/poggenpohlmallorca.com\/de\/nuestro-estudio\/","og_site_name":"Poggenpohl Mallorca","article_publisher":"https:\/\/www.facebook.com\/p\/Poggenpohlmallorca-100083286881701\/","article_modified_time":"2024-11-04T13:49:53+00:00","og_image":[{"width":670,"height":577,"url":"https:\/\/poggenpohlmallorca.com\/wp-content\/uploads\/2024\/10\/montaje_fotos_estudio_disenyo_cocinas_soft.png","type":"image\/png"}],"twitter_card":"summary_large_image","twitter_misc":{"Est. reading time":"2 Minuten"},"schema":{"@context":"https:\/\/schema.org","@graph":[{"@type":"WebPage","@id":"https:\/\/poggenpohlmallorca.com\/nuestro-estudio\/","url":"https:\/\/poggenpohlmallorca.com\/nuestro-estudio\/","name":"Nuestro estudio - Poggenpohl Mallorca","isPartOf":{"@id":"https:\/\/poggenpohlmallorca.com\/#website"},"primaryImageOfPage":{"@id":"https:\/\/poggenpohlmallorca.com\/nuestro-estudio\/#primaryimage"},"image":{"@id":"https:\/\/poggenpohlmallorca.com\/nuestro-estudio\/#primaryimage"},"thumbnailUrl":"https:\/\/poggenpohlmallorca.com\/wp-content\/uploads\/2024\/10\/montaje_fotos_estudio_disenyo_cocinas_soft.png","datePublished":"2024-10-15T09:00:46+00:00","dateModified":"2024-11-04T13:49:53+00:00","breadcrumb":{"@id":"https:\/\/poggenpohlmallorca.com\/nuestro-estudio\/#breadcrumb"},"inLanguage":"de","potentialAction":[{"@type":"ReadAction","target":["https:\/\/poggenpohlmallorca.com\/nuestro-estudio\/"]}]},{"@type":"ImageObject","inLanguage":"de","@id":"https:\/\/poggenpohlmallorca.com\/nuestro-estudio\/#primaryimage","url":"https:\/\/poggenpohlmallorca.com\/wp-content\/uploads\/2024\/10\/montaje_fotos_estudio_disenyo_cocinas_soft.png","contentUrl":"https:\/\/poggenpohlmallorca.com\/wp-content\/uploads\/2024\/10\/montaje_fotos_estudio_disenyo_cocinas_soft.png"},{"@type":"BreadcrumbList","@id":"https:\/\/poggenpohlmallorca.com\/nuestro-estudio\/#breadcrumb","itemListElement":[{"@type":"ListItem","position":1,"name":"Home","item":"https:\/\/poggenpohlmallorca.com\/"},{"@type":"ListItem","position":2,"name":"Nuestro estudio"}]},{"@type":"WebSite","@id":"https:\/\/poggenpohlmallorca.com\/#website","url":"https:\/\/poggenpohlmallorca.com\/","name":"Poggenpohl Mallorca","description":"Cocinas de lujo en Mallorca","publisher":{"@id":"https:\/\/poggenpohlmallorca.com\/#organization"},"potentialAction":[{"@type":"SearchAction","target":{"@type":"EntryPoint","urlTemplate":"https:\/\/poggenpohlmallorca.com\/?s={search_term_string}"},"query-input":{"@type":"PropertyValueSpecification","valueRequired":true,"valueName":"search_term_string"}}],"inLanguage":"de"},{"@type":"Organization","@id":"https:\/\/poggenpohlmallorca.com\/#organization","name":"Poggenpohl Mallorca","url":"https:\/\/poggenpohlmallorca.com\/","logo":{"@type":"ImageObject","inLanguage":"de","@id":"https:\/\/poggenpohlmallorca.com\/#\/schema\/logo\/image\/","url":"https:\/\/poggenpohlmallorca.com\/wp-content\/uploads\/2020\/04\/Poggenpohl_Logo_Black.svg","contentUrl":"https:\/\/poggenpohlmallorca.com\/wp-content\/uploads\/2020\/04\/Poggenpohl_Logo_Black.svg","width":75,"height":48,"caption":"Poggenpohl Mallorca"},"image":{"@id":"https:\/\/poggenpohlmallorca.com\/#\/schema\/logo\/image\/"},"sameAs":["https:\/\/www.facebook.com\/p\/Poggenpohlmallorca-100083286881701\/","https:\/\/www.instagram.com\/poggenpohlmallorca\/"]}]}},"_links":{"self":[{"href":"https:\/\/poggenpohlmallorca.com\/de\/wp-json\/wp\/v2\/pages\/4681"}],"collection":[{"href":"https:\/\/poggenpohlmallorca.com\/de\/wp-json\/wp\/v2\/pages"}],"about":[{"href":"https:\/\/poggenpohlmallorca.com\/de\/wp-json\/wp\/v2\/types\/page"}],"author":[{"embeddable":true,"href":"https:\/\/poggenpohlmallorca.com\/de\/wp-json\/wp\/v2\/users\/1"}],"replies":[{"embeddable":true,"href":"https:\/\/poggenpohlmallorca.com\/de\/wp-json\/wp\/v2\/comments?post=4681"}],"version-history":[{"count":16,"href":"https:\/\/poggenpohlmallorca.com\/de\/wp-json\/wp\/v2\/pages\/4681\/revisions"}],"predecessor-version":[{"id":5220,"href":"https:\/\/poggenpohlmallorca.com\/de\/wp-json\/wp\/v2\/pages\/4681\/revisions\/5220"}],"wp:attachment":[{"href":"https:\/\/poggenpohlmallorca.com\/de\/wp-json\/wp\/v2\/media?parent=4681"}],"curies":[{"name":"wp","href":"https:\/\/api.w.org\/{rel}","templated":true}]}}