{"id":4734,"date":"2024-10-15T12:55:52","date_gmt":"2024-10-15T10:55:52","guid":{"rendered":"https:\/\/poggenpohlmallorca.com\/?page_id=4734"},"modified":"2024-10-15T15:35:53","modified_gmt":"2024-10-15T13:35:53","slug":"poggenpohl-cocinas-venovo-mallorca","status":"publish","type":"page","link":"https:\/\/poggenpohlmallorca.com\/de\/poggenpohl-cocinas-venovo-mallorca\/","title":{"rendered":"+Venovo"},"content":{"rendered":"<div data-elementor-type=\"wp-page\" data-elementor-id=\"4734\" class=\"elementor elementor-4734\" data-elementor-post-type=\"page\">\n\t\t\t\t\t\t<section class=\"elementor-section elementor-top-section elementor-element elementor-element-5df1d6a elementor-section-boxed elementor-section-height-default elementor-section-height-default\" data-id=\"5df1d6a\" data-element_type=\"section\">\n\t\t\t\t\t\t<div class=\"elementor-container elementor-column-gap-no\">\n\t\t\t\t\t<div class=\"elementor-column elementor-col-50 elementor-top-column elementor-element elementor-element-8f27ee6 ot-flex-column-vertical\" data-id=\"8f27ee6\" data-element_type=\"column\">\n\t\t\t<div class=\"elementor-widget-wrap elementor-element-populated\">\n\t\t\t\t\t\t<div class=\"elementor-element elementor-element-c804a0b elementor-hidden-tablet elementor-hidden-phone elementor-widget elementor-widget-spacer\" data-id=\"c804a0b\" data-element_type=\"widget\" data-widget_type=\"spacer.default\">\n\t\t\t\t<div class=\"elementor-widget-container\">\n\t\t\t\t\t<div class=\"elementor-spacer\">\n\t\t\t<div class=\"elementor-spacer-inner\"><\/div>\n\t\t<\/div>\n\t\t\t\t<\/div>\n\t\t\t\t<\/div>\n\t\t\t\t<section class=\"elementor-section elementor-inner-section elementor-element elementor-element-cefb2d9 elementor-section-full_width elementor-section-height-default elementor-section-height-default\" data-id=\"cefb2d9\" data-element_type=\"section\" data-settings=\"{&quot;background_background&quot;:&quot;classic&quot;}\">\n\t\t\t\t\t\t<div class=\"elementor-container elementor-column-gap-no\">\n\t\t\t\t\t<div class=\"elementor-column elementor-col-100 elementor-inner-column elementor-element elementor-element-eb22ac4 animated-slow ot-flex-column-vertical elementor-invisible\" data-id=\"eb22ac4\" data-element_type=\"column\" data-settings=\"{&quot;background_background&quot;:&quot;classic&quot;,&quot;animation_delay&quot;:200,&quot;animation&quot;:&quot;fadeIn&quot;}\">\n\t\t\t<div class=\"elementor-widget-wrap elementor-element-populated\">\n\t\t\t\t\t\t<div class=\"elementor-element elementor-element-78b0704 elementor-widget elementor-widget-iheading\" data-id=\"78b0704\" data-element_type=\"widget\" data-widget_type=\"iheading.default\">\n\t\t\t\t<div class=\"elementor-widget-container\">\n\t\t\t\t\t<div class=\"ot-heading\">\r\n\t        \t        <h2 class=\"main-heading\">Freiheit und Leichtigkeit in einem Design, das R\u00e4ume miteinander verbindet.<\/h2>\t    <\/div>\r\n\t    \t\t<\/div>\n\t\t\t\t<\/div>\n\t\t\t\t<div class=\"elementor-element elementor-element-b3b1a89 elementor-widget elementor-widget-text-editor\" data-id=\"b3b1a89\" data-element_type=\"widget\" data-widget_type=\"text-editor.default\">\n\t\t\t\t<div class=\"elementor-widget-container\">\n\t\t\t\t\t\t\t<p>Vom allerersten Moment an, <strong>+VENOVO<\/strong> vermittelt ein einzigartiges Gef\u00fchl von Freiheit, mit einem Design, das wir perfekt an Ihren Raum anpassen k\u00f6nnen.<\/p><p>Die K\u00fcche scheint zu schweben, dank der seitlichen Regale, die die Schr\u00e4nke anheben und so ein leichtes und modernes Ambiente schaffen.<\/p><p>Ein unabh\u00e4ngiges Element zu sein, <strong>+VENOVO<\/strong> hebt die traditionellen Grenzen zwischen K\u00fcche und Wohnbereich auf und ist ideal f\u00fcr alle, die ein Design suchen, das beide R\u00e4ume miteinander verbindet.<\/p>\t\t\t\t\t\t<\/div>\n\t\t\t\t<\/div>\n\t\t\t\t\t<\/div>\n\t\t<\/div>\n\t\t\t\t\t<\/div>\n\t\t<\/section>\n\t\t\t\t\t<\/div>\n\t\t<\/div>\n\t\t\t\t<div class=\"elementor-column elementor-col-50 elementor-top-column elementor-element elementor-element-9ece169 ot-flex-column-vertical elementor-invisible\" data-id=\"9ece169\" data-element_type=\"column\" data-settings=\"{&quot;animation&quot;:&quot;fadeIn&quot;,&quot;animation_delay&quot;:200}\">\n\t\t\t<div class=\"elementor-widget-wrap elementor-element-populated\">\n\t\t\t\t\t\t<div class=\"elementor-element elementor-element-01bac1c elementor-widget elementor-widget-image\" data-id=\"01bac1c\" data-element_type=\"widget\" data-widget_type=\"image.default\">\n\t\t\t\t<div class=\"elementor-widget-container\">\n\t\t\t\t\t\t\t\t\t\t\t\t\t<img fetchpriority=\"high\" decoding=\"async\" width=\"905\" height=\"1280\" src=\"https:\/\/poggenpohlmallorca.com\/wp-content\/uploads\/2024\/10\/Low-VENOVO_metallicmattpinegreen_metallicmattjade_glassceramicjadegreen_9.jpg\" class=\"attachment-full size-full wp-image-4737\" alt=\"\" srcset=\"https:\/\/poggenpohlmallorca.com\/wp-content\/uploads\/2024\/10\/Low-VENOVO_metallicmattpinegreen_metallicmattjade_glassceramicjadegreen_9.jpg 905w, https:\/\/poggenpohlmallorca.com\/wp-content\/uploads\/2024\/10\/Low-VENOVO_metallicmattpinegreen_metallicmattjade_glassceramicjadegreen_9-212x300.jpg 212w, https:\/\/poggenpohlmallorca.com\/wp-content\/uploads\/2024\/10\/Low-VENOVO_metallicmattpinegreen_metallicmattjade_glassceramicjadegreen_9-724x1024.jpg 724w, https:\/\/poggenpohlmallorca.com\/wp-content\/uploads\/2024\/10\/Low-VENOVO_metallicmattpinegreen_metallicmattjade_glassceramicjadegreen_9-768x1086.jpg 768w, https:\/\/poggenpohlmallorca.com\/wp-content\/uploads\/2024\/10\/Low-VENOVO_metallicmattpinegreen_metallicmattjade_glassceramicjadegreen_9-8x12.jpg 8w\" sizes=\"(max-width: 905px) 100vw, 905px\" \/>\t\t\t\t\t\t\t\t\t\t\t\t\t<\/div>\n\t\t\t\t<\/div>\n\t\t\t\t\t<\/div>\n\t\t<\/div>\n\t\t\t\t\t<\/div>\n\t\t<\/section>\n\t\t\t\t<section class=\"elementor-section elementor-top-section elementor-element elementor-element-d632b5a elementor-section-content-middle elementor-section-stretched elementor-section-boxed elementor-section-height-default elementor-section-height-default\" data-id=\"d632b5a\" data-element_type=\"section\" data-settings=\"{&quot;stretch_section&quot;:&quot;section-stretched&quot;,&quot;background_background&quot;:&quot;classic&quot;}\">\n\t\t\t\t\t\t<div class=\"elementor-container elementor-column-gap-extended\">\n\t\t\t\t\t<div class=\"elementor-column elementor-col-50 elementor-top-column elementor-element elementor-element-7b9c674 ot-flex-column-vertical\" data-id=\"7b9c674\" data-element_type=\"column\">\n\t\t\t<div class=\"elementor-widget-wrap elementor-element-populated\">\n\t\t\t\t\t\t<div class=\"elementor-element elementor-element-68873aa animated-slow elementor-invisible elementor-widget elementor-widget-image\" data-id=\"68873aa\" data-element_type=\"widget\" data-settings=\"{&quot;_animation_delay&quot;:300,&quot;_animation&quot;:&quot;fadeIn&quot;}\" data-widget_type=\"image.default\">\n\t\t\t\t<div class=\"elementor-widget-container\">\n\t\t\t\t\t\t\t\t\t\t\t\t\t<img decoding=\"async\" width=\"1280\" height=\"905\" src=\"https:\/\/poggenpohlmallorca.com\/wp-content\/uploads\/2024\/10\/Low-VENOVO_metallicmattpinegreen_metallicmattjade_glassceramicjadegreen_18.jpg\" class=\"attachment-full size-full wp-image-4738\" alt=\"\" srcset=\"https:\/\/poggenpohlmallorca.com\/wp-content\/uploads\/2024\/10\/Low-VENOVO_metallicmattpinegreen_metallicmattjade_glassceramicjadegreen_18.jpg 1280w, https:\/\/poggenpohlmallorca.com\/wp-content\/uploads\/2024\/10\/Low-VENOVO_metallicmattpinegreen_metallicmattjade_glassceramicjadegreen_18-300x212.jpg 300w, https:\/\/poggenpohlmallorca.com\/wp-content\/uploads\/2024\/10\/Low-VENOVO_metallicmattpinegreen_metallicmattjade_glassceramicjadegreen_18-1024x724.jpg 1024w, https:\/\/poggenpohlmallorca.com\/wp-content\/uploads\/2024\/10\/Low-VENOVO_metallicmattpinegreen_metallicmattjade_glassceramicjadegreen_18-768x543.jpg 768w, https:\/\/poggenpohlmallorca.com\/wp-content\/uploads\/2024\/10\/Low-VENOVO_metallicmattpinegreen_metallicmattjade_glassceramicjadegreen_18-18x12.jpg 18w\" sizes=\"(max-width: 1280px) 100vw, 1280px\" \/>\t\t\t\t\t\t\t\t\t\t\t\t\t<\/div>\n\t\t\t\t<\/div>\n\t\t\t\t\t<\/div>\n\t\t<\/div>\n\t\t\t\t<div class=\"elementor-column elementor-col-50 elementor-top-column elementor-element elementor-element-9c7d406 ot-flex-column-vertical\" data-id=\"9c7d406\" data-element_type=\"column\">\n\t\t\t<div class=\"elementor-widget-wrap elementor-element-populated\">\n\t\t\t\t\t\t<div class=\"elementor-element elementor-element-4953d89 elementor-widget elementor-widget-text-editor\" data-id=\"4953d89\" data-element_type=\"widget\" data-widget_type=\"text-editor.default\">\n\t\t\t\t<div class=\"elementor-widget-container\">\n\t\t\t\t\t\t\t<p>Bei jedem Projekt arbeiten wir mit Ihnen zusammen, um die Art und Weise, wie Sie das Kochen erleben, neu zu definieren. Mit <b>+VENOVO<\/b>, wir haben einen Grundriss entworfen, der die Vorteile der Vertikalit\u00e4t nutzt, indem wir Stauraum und Arbeitsfl\u00e4chen auf verschiedenen Ebenen anordnen und die K\u00fcche harmonisch in den Rest der Wohnung integrieren.<\/p>\t\t\t\t\t\t<\/div>\n\t\t\t\t<\/div>\n\t\t\t\t\t<\/div>\n\t\t<\/div>\n\t\t\t\t\t<\/div>\n\t\t<\/section>\n\t\t\t\t<section class=\"elementor-section elementor-top-section elementor-element elementor-element-c229ee4 elementor-section-content-middle elementor-section-stretched elementor-section-boxed elementor-section-height-default elementor-section-height-default\" data-id=\"c229ee4\" data-element_type=\"section\" data-settings=\"{&quot;stretch_section&quot;:&quot;section-stretched&quot;}\">\n\t\t\t\t\t\t<div class=\"elementor-container elementor-column-gap-extended\">\n\t\t\t\t\t<div class=\"elementor-column elementor-col-50 elementor-top-column elementor-element elementor-element-910222e ot-flex-column-vertical\" data-id=\"910222e\" data-element_type=\"column\">\n\t\t\t<div class=\"elementor-widget-wrap elementor-element-populated\">\n\t\t\t\t\t\t<div class=\"elementor-element elementor-element-b6c0981 elementor-widget elementor-widget-text-editor\" data-id=\"b6c0981\" data-element_type=\"widget\" data-widget_type=\"text-editor.default\">\n\t\t\t\t<div class=\"elementor-widget-container\">\n\t\t\t\t\t\t\t<p>Dar\u00fcber hinaus beraten wir Sie bei der Auswahl von Modulen und Materialien, damit jedes Detail den urbanen und dynamischen Stil zum Ausdruck bringt, der f\u00fcr <strong>+VENOVO<\/strong>.<\/p><p>Von den Schr\u00e4nken bis zu den Arbeitsplatten ist jedes Element sorgf\u00e4ltig ausgew\u00e4hlt, um eine funktionelle K\u00fcche mit Pers\u00f6nlichkeit zu schaffen.<\/p>\t\t\t\t\t\t<\/div>\n\t\t\t\t<\/div>\n\t\t\t\t\t<\/div>\n\t\t<\/div>\n\t\t\t\t<div class=\"elementor-column elementor-col-50 elementor-top-column elementor-element elementor-element-c925356 ot-flex-column-vertical\" data-id=\"c925356\" data-element_type=\"column\">\n\t\t\t<div class=\"elementor-widget-wrap elementor-element-populated\">\n\t\t\t\t\t\t<div class=\"elementor-element elementor-element-2f087a4 animated-slow elementor-invisible elementor-widget elementor-widget-image\" data-id=\"2f087a4\" data-element_type=\"widget\" data-settings=\"{&quot;_animation_delay&quot;:300,&quot;_animation&quot;:&quot;fadeIn&quot;}\" data-widget_type=\"image.default\">\n\t\t\t\t<div class=\"elementor-widget-container\">\n\t\t\t\t\t\t\t\t\t\t\t\t\t<img decoding=\"async\" width=\"1280\" height=\"905\" src=\"https:\/\/poggenpohlmallorca.com\/wp-content\/uploads\/2024\/10\/Low-Cuore_autumngrey_ncss4050y40r_ncss4550y40r_stage_venovo_4.jpg\" class=\"attachment-full size-full wp-image-4739\" alt=\"\" srcset=\"https:\/\/poggenpohlmallorca.com\/wp-content\/uploads\/2024\/10\/Low-Cuore_autumngrey_ncss4050y40r_ncss4550y40r_stage_venovo_4.jpg 1280w, https:\/\/poggenpohlmallorca.com\/wp-content\/uploads\/2024\/10\/Low-Cuore_autumngrey_ncss4050y40r_ncss4550y40r_stage_venovo_4-300x212.jpg 300w, https:\/\/poggenpohlmallorca.com\/wp-content\/uploads\/2024\/10\/Low-Cuore_autumngrey_ncss4050y40r_ncss4550y40r_stage_venovo_4-1024x724.jpg 1024w, https:\/\/poggenpohlmallorca.com\/wp-content\/uploads\/2024\/10\/Low-Cuore_autumngrey_ncss4050y40r_ncss4550y40r_stage_venovo_4-768x543.jpg 768w, https:\/\/poggenpohlmallorca.com\/wp-content\/uploads\/2024\/10\/Low-Cuore_autumngrey_ncss4050y40r_ncss4550y40r_stage_venovo_4-18x12.jpg 18w\" sizes=\"(max-width: 1280px) 100vw, 1280px\" \/>\t\t\t\t\t\t\t\t\t\t\t\t\t<\/div>\n\t\t\t\t<\/div>\n\t\t\t\t\t<\/div>\n\t\t<\/div>\n\t\t\t\t\t<\/div>\n\t\t<\/section>\n\t\t\t\t<section class=\"elementor-section elementor-top-section elementor-element elementor-element-4a78bb2 elementor-section-content-middle elementor-section-stretched elementor-section-boxed elementor-section-height-default elementor-section-height-default\" data-id=\"4a78bb2\" data-element_type=\"section\" data-settings=\"{&quot;stretch_section&quot;:&quot;section-stretched&quot;,&quot;background_background&quot;:&quot;classic&quot;}\">\n\t\t\t\t\t\t<div class=\"elementor-container elementor-column-gap-extended\">\n\t\t\t\t\t<div class=\"elementor-column elementor-col-50 elementor-top-column elementor-element elementor-element-9ea7fa8 ot-flex-column-vertical\" data-id=\"9ea7fa8\" data-element_type=\"column\">\n\t\t\t<div class=\"elementor-widget-wrap elementor-element-populated\">\n\t\t\t\t\t\t<div class=\"elementor-element elementor-element-1100038 animated-slow elementor-invisible elementor-widget elementor-widget-image\" data-id=\"1100038\" data-element_type=\"widget\" data-settings=\"{&quot;_animation_delay&quot;:300,&quot;_animation&quot;:&quot;fadeIn&quot;}\" data-widget_type=\"image.default\">\n\t\t\t\t<div class=\"elementor-widget-container\">\n\t\t\t\t\t\t\t\t\t\t\t\t\t<img loading=\"lazy\" decoding=\"async\" width=\"1024\" height=\"1280\" src=\"https:\/\/poggenpohlmallorca.com\/wp-content\/uploads\/2024\/10\/Low-VENOVO_polarwhite_calacattagoldpolished_15.jpg\" class=\"attachment-full size-full wp-image-4740\" alt=\"\" srcset=\"https:\/\/poggenpohlmallorca.com\/wp-content\/uploads\/2024\/10\/Low-VENOVO_polarwhite_calacattagoldpolished_15.jpg 1024w, https:\/\/poggenpohlmallorca.com\/wp-content\/uploads\/2024\/10\/Low-VENOVO_polarwhite_calacattagoldpolished_15-240x300.jpg 240w, https:\/\/poggenpohlmallorca.com\/wp-content\/uploads\/2024\/10\/Low-VENOVO_polarwhite_calacattagoldpolished_15-819x1024.jpg 819w, https:\/\/poggenpohlmallorca.com\/wp-content\/uploads\/2024\/10\/Low-VENOVO_polarwhite_calacattagoldpolished_15-768x960.jpg 768w, https:\/\/poggenpohlmallorca.com\/wp-content\/uploads\/2024\/10\/Low-VENOVO_polarwhite_calacattagoldpolished_15-10x12.jpg 10w\" sizes=\"(max-width: 1024px) 100vw, 1024px\" \/>\t\t\t\t\t\t\t\t\t\t\t\t\t<\/div>\n\t\t\t\t<\/div>\n\t\t\t\t\t<\/div>\n\t\t<\/div>\n\t\t\t\t<div class=\"elementor-column elementor-col-50 elementor-top-column elementor-element elementor-element-604e77d ot-flex-column-vertical\" data-id=\"604e77d\" data-element_type=\"column\">\n\t\t\t<div class=\"elementor-widget-wrap elementor-element-populated\">\n\t\t\t\t\t\t<div class=\"elementor-element elementor-element-a01319a elementor-widget elementor-widget-text-editor\" data-id=\"a01319a\" data-element_type=\"widget\" data-widget_type=\"text-editor.default\">\n\t\t\t\t<div class=\"elementor-widget-container\">\n\t\t\t\t\t\t\t<p>Die freie Anordnung der Elemente erm\u00f6glicht <strong>+VENOVO<\/strong> flie\u00dfen auf nat\u00fcrliche Weise in den Raum ein und machen die K\u00fcche zu einem echten Zentrum des h\u00e4uslichen Lebens.<\/p><p>Es ist eine ideale L\u00f6sung sowohl f\u00fcr gro\u00dfe Freifl\u00e4chen als auch f\u00fcr die kompakte Integration.<\/p><p>\u00a0<\/p>\t\t\t\t\t\t<\/div>\n\t\t\t\t<\/div>\n\t\t\t\t\t<\/div>\n\t\t<\/div>\n\t\t\t\t\t<\/div>\n\t\t<\/section>\n\t\t\t\t<section class=\"elementor-section elementor-top-section elementor-element elementor-element-5d1c8fa elementor-section-full_width elementor-hidden-phone elementor-section-height-default elementor-section-height-default\" data-id=\"5d1c8fa\" data-element_type=\"section\">\n\t\t\t\t\t\t<div class=\"elementor-container elementor-column-gap-default\">\n\t\t\t\t\t<div class=\"elementor-column elementor-col-100 elementor-top-column elementor-element elementor-element-ba440a4 ot-flex-column-vertical\" data-id=\"ba440a4\" data-element_type=\"column\">\n\t\t\t<div class=\"elementor-widget-wrap elementor-element-populated\">\n\t\t\t\t\t\t<div class=\"elementor-element elementor-element-452814d ot-gallery elementor-widget elementor-widget-igimages\" data-id=\"452814d\" data-element_type=\"widget\" data-widget_type=\"igimages.default\">\n\t\t\t\t<div class=\"elementor-widget-container\">\n\t\t\t\t\t<div class=\"image-gallery\">\r\n\t\t<div id='gallery-1' class='gallery galleryid-4734 gallery-columns-5 gallery-size-full'><figure class='gallery-item'>\n\t\t\t<div class='gallery-icon portrait'>\n\t\t\t\t<a data-elementor-open-lightbox=\"no\" href='https:\/\/poggenpohlmallorca.com\/wp-content\/uploads\/2024\/10\/cocina_moderna_cristal_lujo_poggenpohl_en_mallorca.jpg'><img loading=\"lazy\" decoding=\"async\" width=\"700\" height=\"972\" src=\"https:\/\/poggenpohlmallorca.com\/wp-content\/uploads\/2024\/10\/cocina_moderna_cristal_lujo_poggenpohl_en_mallorca.jpg\" class=\"attachment-full size-full\" alt=\"\" srcset=\"https:\/\/poggenpohlmallorca.com\/wp-content\/uploads\/2024\/10\/cocina_moderna_cristal_lujo_poggenpohl_en_mallorca.jpg 700w, https:\/\/poggenpohlmallorca.com\/wp-content\/uploads\/2024\/10\/cocina_moderna_cristal_lujo_poggenpohl_en_mallorca-216x300.jpg 216w, https:\/\/poggenpohlmallorca.com\/wp-content\/uploads\/2024\/10\/cocina_moderna_cristal_lujo_poggenpohl_en_mallorca-9x12.jpg 9w\" sizes=\"(max-width: 700px) 100vw, 700px\" \/><\/a>\n\t\t\t<\/div><\/figure><figure class='gallery-item'>\n\t\t\t<div class='gallery-icon portrait'>\n\t\t\t\t<a data-elementor-open-lightbox=\"no\" href='https:\/\/poggenpohlmallorca.com\/wp-content\/uploads\/2024\/10\/cocina_moderna_lujo_poggenpohl_en_mallorca.jpg'><img loading=\"lazy\" decoding=\"async\" width=\"700\" height=\"972\" src=\"https:\/\/poggenpohlmallorca.com\/wp-content\/uploads\/2024\/10\/cocina_moderna_lujo_poggenpohl_en_mallorca.jpg\" class=\"attachment-full size-full\" alt=\"\" srcset=\"https:\/\/poggenpohlmallorca.com\/wp-content\/uploads\/2024\/10\/cocina_moderna_lujo_poggenpohl_en_mallorca.jpg 700w, https:\/\/poggenpohlmallorca.com\/wp-content\/uploads\/2024\/10\/cocina_moderna_lujo_poggenpohl_en_mallorca-216x300.jpg 216w, https:\/\/poggenpohlmallorca.com\/wp-content\/uploads\/2024\/10\/cocina_moderna_lujo_poggenpohl_en_mallorca-9x12.jpg 9w\" sizes=\"(max-width: 700px) 100vw, 700px\" \/><\/a>\n\t\t\t<\/div><\/figure><figure class='gallery-item'>\n\t\t\t<div class='gallery-icon portrait'>\n\t\t\t\t<a data-elementor-open-lightbox=\"no\" href='https:\/\/poggenpohlmallorca.com\/wp-content\/uploads\/2024\/10\/cocina_colores_vivos_venovo_poggenpohl_mallorca.jpg'><img loading=\"lazy\" decoding=\"async\" width=\"700\" height=\"972\" src=\"https:\/\/poggenpohlmallorca.com\/wp-content\/uploads\/2024\/10\/cocina_colores_vivos_venovo_poggenpohl_mallorca.jpg\" class=\"attachment-full size-full\" alt=\"\" srcset=\"https:\/\/poggenpohlmallorca.com\/wp-content\/uploads\/2024\/10\/cocina_colores_vivos_venovo_poggenpohl_mallorca.jpg 700w, https:\/\/poggenpohlmallorca.com\/wp-content\/uploads\/2024\/10\/cocina_colores_vivos_venovo_poggenpohl_mallorca-216x300.jpg 216w, https:\/\/poggenpohlmallorca.com\/wp-content\/uploads\/2024\/10\/cocina_colores_vivos_venovo_poggenpohl_mallorca-9x12.jpg 9w\" sizes=\"(max-width: 700px) 100vw, 700px\" \/><\/a>\n\t\t\t<\/div><\/figure><figure class='gallery-item'>\n\t\t\t<div class='gallery-icon portrait'>\n\t\t\t\t<a data-elementor-open-lightbox=\"no\" href='https:\/\/poggenpohlmallorca.com\/wp-content\/uploads\/2024\/10\/venovo_cocina_lujo_poggenpohl_mallorca.jpg'><img loading=\"lazy\" decoding=\"async\" width=\"700\" height=\"972\" src=\"https:\/\/poggenpohlmallorca.com\/wp-content\/uploads\/2024\/10\/venovo_cocina_lujo_poggenpohl_mallorca.jpg\" class=\"attachment-full size-full\" alt=\"\" srcset=\"https:\/\/poggenpohlmallorca.com\/wp-content\/uploads\/2024\/10\/venovo_cocina_lujo_poggenpohl_mallorca.jpg 700w, https:\/\/poggenpohlmallorca.com\/wp-content\/uploads\/2024\/10\/venovo_cocina_lujo_poggenpohl_mallorca-216x300.jpg 216w, https:\/\/poggenpohlmallorca.com\/wp-content\/uploads\/2024\/10\/venovo_cocina_lujo_poggenpohl_mallorca-9x12.jpg 9w\" sizes=\"(max-width: 700px) 100vw, 700px\" \/><\/a>\n\t\t\t<\/div><\/figure><figure class='gallery-item'>\n\t\t\t<div class='gallery-icon portrait'>\n\t\t\t\t<a data-elementor-open-lightbox=\"no\" href='https:\/\/poggenpohlmallorca.com\/wp-content\/uploads\/2024\/10\/tabla_extraible_cocina_poggenpohl_mallorca.jpg'><img loading=\"lazy\" decoding=\"async\" width=\"700\" height=\"972\" src=\"https:\/\/poggenpohlmallorca.com\/wp-content\/uploads\/2024\/10\/tabla_extraible_cocina_poggenpohl_mallorca.jpg\" class=\"attachment-full size-full\" alt=\"\" srcset=\"https:\/\/poggenpohlmallorca.com\/wp-content\/uploads\/2024\/10\/tabla_extraible_cocina_poggenpohl_mallorca.jpg 700w, https:\/\/poggenpohlmallorca.com\/wp-content\/uploads\/2024\/10\/tabla_extraible_cocina_poggenpohl_mallorca-216x300.jpg 216w, https:\/\/poggenpohlmallorca.com\/wp-content\/uploads\/2024\/10\/tabla_extraible_cocina_poggenpohl_mallorca-9x12.jpg 9w\" sizes=\"(max-width: 700px) 100vw, 700px\" \/><\/a>\n\t\t\t<\/div><\/figure>\n\t\t<\/div>\n\t\t<\/div>\r\n\t\t\t\t<\/div>\n\t\t\t\t<\/div>\n\t\t\t\t\t<\/div>\n\t\t<\/div>\n\t\t\t\t\t<\/div>\n\t\t<\/section>\n\t\t\t\t<section class=\"elementor-section elementor-top-section elementor-element elementor-element-46c3df0 elementor-section-full_width elementor-hidden-phone elementor-section-height-default elementor-section-height-default\" data-id=\"46c3df0\" data-element_type=\"section\">\n\t\t\t\t\t\t<div class=\"elementor-container elementor-column-gap-default\">\n\t\t\t\t\t<div class=\"elementor-column elementor-col-100 elementor-top-column elementor-element elementor-element-ad3ab2e ot-flex-column-vertical\" data-id=\"ad3ab2e\" data-element_type=\"column\">\n\t\t\t<div class=\"elementor-widget-wrap elementor-element-populated\">\n\t\t\t\t\t\t<div class=\"elementor-element elementor-element-e7ed51c theratio-align-center elementor-widget elementor-widget-iheading\" data-id=\"e7ed51c\" data-element_type=\"widget\" data-widget_type=\"iheading.default\">\n\t\t\t\t<div class=\"elementor-widget-container\">\n\t\t\t\t\t<div class=\"ot-heading is-dots\">\r\n\t        <span>[ Produkte ]<\/span>\t        <h2 class=\"main-heading\">Andere Bereiche entdecken<\/h2>\t    <\/div>\r\n\t    \t\t<\/div>\n\t\t\t\t<\/div>\n\t\t\t\t\t<\/div>\n\t\t<\/div>\n\t\t\t\t\t<\/div>\n\t\t<\/section>\n\t\t\t\t<section class=\"elementor-section elementor-top-section elementor-element elementor-element-79df5ba elementor-section-full_width elementor-section-height-default elementor-section-height-default\" data-id=\"79df5ba\" data-element_type=\"section\">\n\t\t\t\t\t\t<div class=\"elementor-container elementor-column-gap-no\">\n\t\t\t\t\t<div class=\"elementor-column elementor-col-33 elementor-top-column elementor-element elementor-element-115c8d5 ot-flex-column-vertical\" data-id=\"115c8d5\" data-element_type=\"column\">\n\t\t\t<div class=\"elementor-widget-wrap elementor-element-populated\">\n\t\t\t\t\t\t<div class=\"elementor-element elementor-element-6c74d00 elementor-widget elementor-widget-imagecategory\" data-id=\"6c74d00\" data-element_type=\"widget\" data-widget_type=\"imagecategory.default\">\n\t\t\t\t<div class=\"elementor-widget-container\">\n\t\t\t\t\t<div class=\"cate-lines\">\r\n\t\t\t<div class=\"cate-item\">\r\n\t\t\t\t<a href=\"https:\/\/poggenpohlmallorca.com\/de\/poggenpohl-cocinas-segmento-mallorca\/\">\t\t\t\t<img loading=\"lazy\" decoding=\"async\" width=\"750\" height=\"422\" src=\"https:\/\/poggenpohlmallorca.com\/wp-content\/uploads\/2024\/10\/pggenpol_segmento_thumbnail.jpg\" class=\"attachment-full size-full wp-image-4696\" alt=\"\" srcset=\"https:\/\/poggenpohlmallorca.com\/wp-content\/uploads\/2024\/10\/pggenpol_segmento_thumbnail.jpg 750w, https:\/\/poggenpohlmallorca.com\/wp-content\/uploads\/2024\/10\/pggenpol_segmento_thumbnail-300x169.jpg 300w, https:\/\/poggenpohlmallorca.com\/wp-content\/uploads\/2024\/10\/pggenpol_segmento_thumbnail-18x10.jpg 18w\" sizes=\"(max-width: 750px) 100vw, 750px\" \/>\t\t\t\t<\/a>\t\t        <div class=\"cate-item_content\">\r\n\t\t\t        <a href=\"https:\/\/poggenpohlmallorca.com\/de\/poggenpohl-cocinas-segmento-mallorca\/\">\t\t\t        \t<h2>+Segmento<span class=\"number-stroke\">01<\/span><\/h2>\r\n\t\t\t        <\/a>\t\t\t\t<\/div>\r\n\t\t\t<\/div>\r\n\t    <\/div>\r\n\t    \t\t<\/div>\n\t\t\t\t<\/div>\n\t\t\t\t\t<\/div>\n\t\t<\/div>\n\t\t\t\t<div class=\"elementor-column elementor-col-33 elementor-top-column elementor-element elementor-element-90bf3dd ot-flex-column-vertical\" data-id=\"90bf3dd\" data-element_type=\"column\">\n\t\t\t<div class=\"elementor-widget-wrap elementor-element-populated\">\n\t\t\t\t\t\t<div class=\"elementor-element elementor-element-d2997c5 elementor-widget elementor-widget-imagecategory\" data-id=\"d2997c5\" data-element_type=\"widget\" data-widget_type=\"imagecategory.default\">\n\t\t\t\t<div class=\"elementor-widget-container\">\n\t\t\t\t\t<div class=\"cate-lines\">\r\n\t\t\t<div class=\"cate-item\">\r\n\t\t\t\t<a href=\"https:\/\/poggenpohlmallorca.com\/de\/poggenpohl-cocinas-modo-mallorca\/\">\t\t\t\t<img loading=\"lazy\" decoding=\"async\" width=\"750\" height=\"422\" src=\"https:\/\/poggenpohlmallorca.com\/wp-content\/uploads\/2024\/10\/pggenpol_modo_thumbnail.jpg\" class=\"attachment-full size-full wp-image-4695\" alt=\"\" srcset=\"https:\/\/poggenpohlmallorca.com\/wp-content\/uploads\/2024\/10\/pggenpol_modo_thumbnail.jpg 750w, https:\/\/poggenpohlmallorca.com\/wp-content\/uploads\/2024\/10\/pggenpol_modo_thumbnail-300x169.jpg 300w, https:\/\/poggenpohlmallorca.com\/wp-content\/uploads\/2024\/10\/pggenpol_modo_thumbnail-18x10.jpg 18w\" sizes=\"(max-width: 750px) 100vw, 750px\" \/>\t\t\t\t<\/a>\t\t        <div class=\"cate-item_content\">\r\n\t\t\t        <a href=\"https:\/\/poggenpohlmallorca.com\/de\/poggenpohl-cocinas-modo-mallorca\/\">\t\t\t        \t<h2>+Modo<span class=\"number-stroke\">02<\/span><\/h2>\r\n\t\t\t        <\/a>\t\t\t\t<\/div>\r\n\t\t\t<\/div>\r\n\t    <\/div>\r\n\t    \t\t<\/div>\n\t\t\t\t<\/div>\n\t\t\t\t\t<\/div>\n\t\t<\/div>\n\t\t\t\t<div class=\"elementor-column elementor-col-33 elementor-top-column elementor-element elementor-element-375296e ot-flex-column-vertical\" data-id=\"375296e\" data-element_type=\"column\">\n\t\t\t<div class=\"elementor-widget-wrap elementor-element-populated\">\n\t\t\t\t\t\t<div class=\"elementor-element elementor-element-ac63849 elementor-widget elementor-widget-imagecategory\" data-id=\"ac63849\" data-element_type=\"widget\" data-widget_type=\"imagecategory.default\">\n\t\t\t\t<div class=\"elementor-widget-container\">\n\t\t\t\t\t<div class=\"cate-lines\">\r\n\t\t\t<div class=\"cate-item\">\r\n\t\t\t\t<a href=\"https:\/\/poggenpohlmallorca.com\/de\/poggenpohl-mallorca-muebles-cocina-solitaire\/\">\t\t\t\t<img loading=\"lazy\" decoding=\"async\" width=\"750\" height=\"422\" src=\"https:\/\/poggenpohlmallorca.com\/wp-content\/uploads\/2024\/10\/pggenpol_solitaire_thumbnail.jpg\" class=\"attachment-full size-full wp-image-4697\" alt=\"\" srcset=\"https:\/\/poggenpohlmallorca.com\/wp-content\/uploads\/2024\/10\/pggenpol_solitaire_thumbnail.jpg 750w, https:\/\/poggenpohlmallorca.com\/wp-content\/uploads\/2024\/10\/pggenpol_solitaire_thumbnail-300x169.jpg 300w, https:\/\/poggenpohlmallorca.com\/wp-content\/uploads\/2024\/10\/pggenpol_solitaire_thumbnail-18x10.jpg 18w\" sizes=\"(max-width: 750px) 100vw, 750px\" \/>\t\t\t\t<\/a>\t\t        <div class=\"cate-item_content\">\r\n\t\t\t        <a href=\"https:\/\/poggenpohlmallorca.com\/de\/poggenpohl-mallorca-muebles-cocina-solitaire\/\">\t\t\t        \t<h2>Solitaire<span class=\"number-stroke\">03<\/span><\/h2>\r\n\t\t\t        <\/a>\t\t\t\t<\/div>\r\n\t\t\t<\/div>\r\n\t    <\/div>\r\n\t    \t\t<\/div>\n\t\t\t\t<\/div>\n\t\t\t\t\t<\/div>\n\t\t<\/div>\n\t\t\t\t\t<\/div>\n\t\t<\/section>\n\t\t\t\t<section class=\"elementor-section elementor-top-section elementor-element elementor-element-10ba9a8 elementor-section-content-middle elementor-section-stretched elementor-section-boxed elementor-section-height-default elementor-section-height-default\" data-id=\"10ba9a8\" data-element_type=\"section\" data-settings=\"{&quot;background_background&quot;:&quot;classic&quot;,&quot;stretch_section&quot;:&quot;section-stretched&quot;}\">\n\t\t\t\t\t\t<div class=\"elementor-container elementor-column-gap-extended\">\n\t\t\t\t\t<div class=\"elementor-column elementor-col-50 elementor-top-column elementor-element elementor-element-faa3640 ot-flex-column-vertical\" data-id=\"faa3640\" data-element_type=\"column\">\n\t\t\t<div class=\"elementor-widget-wrap elementor-element-populated\">\n\t\t\t\t\t\t<div class=\"elementor-element elementor-element-e493681 elementor-widget elementor-widget-image\" data-id=\"e493681\" data-element_type=\"widget\" data-widget_type=\"image.default\">\n\t\t\t\t<div class=\"elementor-widget-container\">\n\t\t\t\t\t\t\t\t\t\t\t\t\t<img loading=\"lazy\" decoding=\"async\" width=\"842\" height=\"614\" src=\"https:\/\/poggenpohlmallorca.com\/wp-content\/uploads\/2024\/10\/poggenpohl_mallorca_tienda_y_planois_cocina_sombra.png\" class=\"attachment-full size-full wp-image-4724\" alt=\"\" srcset=\"https:\/\/poggenpohlmallorca.com\/wp-content\/uploads\/2024\/10\/poggenpohl_mallorca_tienda_y_planois_cocina_sombra.png 842w, https:\/\/poggenpohlmallorca.com\/wp-content\/uploads\/2024\/10\/poggenpohl_mallorca_tienda_y_planois_cocina_sombra-300x219.png 300w, https:\/\/poggenpohlmallorca.com\/wp-content\/uploads\/2024\/10\/poggenpohl_mallorca_tienda_y_planois_cocina_sombra-768x560.png 768w, https:\/\/poggenpohlmallorca.com\/wp-content\/uploads\/2024\/10\/poggenpohl_mallorca_tienda_y_planois_cocina_sombra-16x12.png 16w\" sizes=\"(max-width: 842px) 100vw, 842px\" \/>\t\t\t\t\t\t\t\t\t\t\t\t\t<\/div>\n\t\t\t\t<\/div>\n\t\t\t\t\t<\/div>\n\t\t<\/div>\n\t\t\t\t<div class=\"elementor-column elementor-col-50 elementor-top-column elementor-element elementor-element-448e2eb ot-flex-column-vertical\" data-id=\"448e2eb\" data-element_type=\"column\">\n\t\t\t<div class=\"elementor-widget-wrap elementor-element-populated\">\n\t\t\t\t\t\t<div class=\"elementor-element elementor-element-f9f0f0b elementor-widget elementor-widget-iheading\" data-id=\"f9f0f0b\" data-element_type=\"widget\" data-widget_type=\"iheading.default\">\n\t\t\t\t<div class=\"elementor-widget-container\">\n\t\t\t\t\t<div class=\"ot-heading is-dots\">\r\n\t        <span>[ Unsere Dienstleistungen ]<\/span>\t        <h2 class=\"main-heading\">Was k\u00f6nnen wir anbieten?<\/h2>\t    <\/div>\r\n\t    \t\t<\/div>\n\t\t\t\t<\/div>\n\t\t\t\t<div class=\"elementor-element elementor-element-c01e74f elementor-widget elementor-widget-text-editor\" data-id=\"c01e74f\" data-element_type=\"widget\" data-widget_type=\"text-editor.default\">\n\t\t\t\t<div class=\"elementor-widget-container\">\n\t\t\t\t\t\t\t<p>In unserem Studio haben wir uns auf die ganzheitliche Gestaltung von K\u00fcchen spezialisiert, von der Planung und Organisation des Raums bis hin zur kompletten Abwicklung des Projekts. Wir begleiten Sie w\u00e4hrend des gesamten Prozesses und beraten Sie bei der Gestaltung, der Auswahl von Materialien und Ger\u00e4ten, um eine K\u00fcche zu schaffen, die zu Ihrem Lebensstil passt.<\/p>\t\t\t\t\t\t<\/div>\n\t\t\t\t<\/div>\n\t\t\t\t<section class=\"elementor-section elementor-inner-section elementor-element elementor-element-5613974 elementor-section-full_width elementor-section-height-default elementor-section-height-default\" data-id=\"5613974\" data-element_type=\"section\">\n\t\t\t\t\t\t<div class=\"elementor-container elementor-column-gap-extended\">\n\t\t\t\t\t<div class=\"elementor-column elementor-col-50 elementor-inner-column elementor-element elementor-element-98ff43f ot-flex-column-vertical\" data-id=\"98ff43f\" data-element_type=\"column\">\n\t\t\t<div class=\"elementor-widget-wrap elementor-element-populated\">\n\t\t\t\t\t\t<div class=\"elementor-element elementor-element-59546f2 elementor-widget elementor-widget-iiconbox1\" data-id=\"59546f2\" data-element_type=\"widget\" data-widget_type=\"iiconbox1.default\">\n\t\t\t\t<div class=\"elementor-widget-container\">\n\t\t\t\t\t<div class=\"icon-box icon-box--bg-img icon-box--icon-top\">\r\n\t\t\t<div class=\"icon-main\">\r\n\t\t        \t\t\t    \t\t        <span class=\"ot-flaticon-blueprint\"><\/span>\t        <\/div>\r\n\t        <div class=\"content-box\">\r\n\t\t        <h5 class=\"icon-box-title\">Individuelles Projekt<\/h5>\t\t        <p>Wir entwerfen detaillierte Grundrisse, damit Sie sich die Aufteilung und Funktionalit\u00e4t der einzelnen Elemente Ihrer K\u00fcche genau vorstellen k\u00f6nnen.<\/p>\r\n\t\t\t<\/div>\r\n\t\t\t\t\r\n\t    <\/div>\r\n\t    \t\t<\/div>\n\t\t\t\t<\/div>\n\t\t\t\t\t<\/div>\n\t\t<\/div>\n\t\t\t\t<div class=\"elementor-column elementor-col-50 elementor-inner-column elementor-element elementor-element-d7b53a8 ot-flex-column-vertical\" data-id=\"d7b53a8\" data-element_type=\"column\">\n\t\t\t<div class=\"elementor-widget-wrap elementor-element-populated\">\n\t\t\t\t\t\t<div class=\"elementor-element elementor-element-6e95e0e elementor-widget elementor-widget-iiconbox1\" data-id=\"6e95e0e\" data-element_type=\"widget\" data-widget_type=\"iiconbox1.default\">\n\t\t\t\t<div class=\"elementor-widget-container\">\n\t\t\t\t\t<div class=\"icon-box icon-box--bg-img icon-box--icon-top\">\r\n\t\t\t<div class=\"icon-main\">\r\n\t\t        \t\t\t    \t\t        <span class=\"ot-flaticon-3d\"><\/span>\t        <\/div>\r\n\t        <div class=\"content-box\">\r\n\t\t        <h5 class=\"icon-box-title\">3D-Visualisierung<\/h5>\t\t        <p>Wir zeigen Ihnen Ihre K\u00fcche in 3D, damit Sie sich ein realistisches und genaues Bild davon machen k\u00f6nnen, wie das endg\u00fcltige Design aussehen wird, und damit Sie sicher sein k\u00f6nnen, dass jedes Detail Ihren Erwartungen entspricht.<\/p>\r\n\t\t\t<\/div>\r\n\t\t\t\t\r\n\t    <\/div>\r\n\t    \t\t<\/div>\n\t\t\t\t<\/div>\n\t\t\t\t\t<\/div>\n\t\t<\/div>\n\t\t\t\t\t<\/div>\n\t\t<\/section>\n\t\t\t\t<section class=\"elementor-section elementor-inner-section elementor-element elementor-element-c7f5e7f elementor-section-full_width elementor-section-height-default elementor-section-height-default\" data-id=\"c7f5e7f\" data-element_type=\"section\">\n\t\t\t\t\t\t<div class=\"elementor-container elementor-column-gap-extended\">\n\t\t\t\t\t<div class=\"elementor-column elementor-col-100 elementor-inner-column elementor-element elementor-element-c696978 ot-flex-column-vertical\" data-id=\"c696978\" data-element_type=\"column\">\n\t\t\t<div class=\"elementor-widget-wrap elementor-element-populated\">\n\t\t\t\t\t\t<div class=\"elementor-element elementor-element-c370843 elementor-align-right elementor-mobile-align-left elementor-widget elementor-widget-ibutton\" data-id=\"c370843\" data-element_type=\"widget\" data-widget_type=\"ibutton.default\">\n\t\t\t\t<div class=\"elementor-widget-container\">\n\t\t\t\t\t<div class=\"ot-button\">\r\n\t\t\t<a href=\"https:\/\/poggenpohlmallorca.com\/de\/nuestro-estudio\/\" class=\"octf-btn octf-btn-dark\">Weitere Informationen<\/a>\r\n\t    <\/div>\r\n\t    \t\t<\/div>\n\t\t\t\t<\/div>\n\t\t\t\t\t<\/div>\n\t\t<\/div>\n\t\t\t\t\t<\/div>\n\t\t<\/section>\n\t\t\t\t\t<\/div>\n\t\t<\/div>\n\t\t\t\t\t<\/div>\n\t\t<\/section>\n\t\t\t\t<\/div>","protected":false},"excerpt":{"rendered":"<p>Libertad y ligereza en un dise\u00f1o que conecta espacios Desde el primer momento, +VENOVO transmite una sensaci\u00f3n \u00fanica de libertad, con un dise\u00f1o que nosotros podemos personalizar para que se ajuste perfectamente a tu espacio. La cocina parece flotar, gracias a sus bastidores laterales que elevan los armarios, creando un ambiente ligero y moderno. Al [&hellip;]<\/p>","protected":false},"author":1,"featured_media":4611,"parent":0,"menu_order":0,"comment_status":"closed","ping_status":"closed","template":"","meta":{"footnotes":""},"class_list":["post-4734","page","type-page","status-publish","has-post-thumbnail","hentry"],"yoast_head":"<!-- This site is optimized with the Yoast SEO plugin v24.0 - https:\/\/yoast.com\/wordpress\/plugins\/seo\/ -->\n<title>+Venovo - Poggenpohl Mallorca<\/title>\n<meta name=\"robots\" content=\"index, follow, max-snippet:-1, max-image-preview:large, max-video-preview:-1\" \/>\n<link rel=\"canonical\" href=\"https:\/\/poggenpohlmallorca.com\/de\/poggenpohl-cocinas-venovo-mallorca\/\" \/>\n<meta property=\"og:locale\" content=\"de_DE\" \/>\n<meta property=\"og:type\" content=\"article\" \/>\n<meta property=\"og:title\" content=\"+Venovo - Poggenpohl Mallorca\" \/>\n<meta property=\"og:description\" content=\"Libertad y ligereza en un dise\u00f1o que conecta espacios Desde el primer momento, +VENOVO transmite una sensaci\u00f3n \u00fanica de libertad, con un dise\u00f1o que nosotros podemos personalizar para que se ajuste perfectamente a tu espacio. La cocina parece flotar, gracias a sus bastidores laterales que elevan los armarios, creando un ambiente ligero y moderno. Al [&hellip;]\" \/>\n<meta property=\"og:url\" content=\"https:\/\/poggenpohlmallorca.com\/de\/poggenpohl-cocinas-venovo-mallorca\/\" \/>\n<meta property=\"og:site_name\" content=\"Poggenpohl Mallorca\" \/>\n<meta property=\"article:publisher\" content=\"https:\/\/www.facebook.com\/p\/Poggenpohlmallorca-100083286881701\/\" \/>\n<meta property=\"article:modified_time\" content=\"2024-10-15T13:35:53+00:00\" \/>\n<meta property=\"og:image\" content=\"https:\/\/poggenpohlmallorca.com\/wp-content\/uploads\/2024\/10\/poggenpohl_mallorca_medium-segmento_consumer_landscape.jpg\" \/>\n\t<meta property=\"og:image:width\" content=\"1920\" \/>\n\t<meta property=\"og:image:height\" content=\"1357\" \/>\n\t<meta property=\"og:image:type\" content=\"image\/jpeg\" \/>\n<meta name=\"twitter:card\" content=\"summary_large_image\" \/>\n<meta name=\"twitter:label1\" content=\"Est. reading time\" \/>\n\t<meta name=\"twitter:data1\" content=\"2 Minuten\" \/>\n<script type=\"application\/ld+json\" class=\"yoast-schema-graph\">{\"@context\":\"https:\/\/schema.org\",\"@graph\":[{\"@type\":\"WebPage\",\"@id\":\"https:\/\/poggenpohlmallorca.com\/poggenpohl-cocinas-venovo-mallorca\/\",\"url\":\"https:\/\/poggenpohlmallorca.com\/poggenpohl-cocinas-venovo-mallorca\/\",\"name\":\"+Venovo - Poggenpohl Mallorca\",\"isPartOf\":{\"@id\":\"https:\/\/poggenpohlmallorca.com\/#website\"},\"primaryImageOfPage\":{\"@id\":\"https:\/\/poggenpohlmallorca.com\/poggenpohl-cocinas-venovo-mallorca\/#primaryimage\"},\"image\":{\"@id\":\"https:\/\/poggenpohlmallorca.com\/poggenpohl-cocinas-venovo-mallorca\/#primaryimage\"},\"thumbnailUrl\":\"https:\/\/poggenpohlmallorca.com\/wp-content\/uploads\/2024\/10\/poggenpohl_mallorca_medium-segmento_consumer_landscape.jpg\",\"datePublished\":\"2024-10-15T10:55:52+00:00\",\"dateModified\":\"2024-10-15T13:35:53+00:00\",\"breadcrumb\":{\"@id\":\"https:\/\/poggenpohlmallorca.com\/poggenpohl-cocinas-venovo-mallorca\/#breadcrumb\"},\"inLanguage\":\"de\",\"potentialAction\":[{\"@type\":\"ReadAction\",\"target\":[\"https:\/\/poggenpohlmallorca.com\/poggenpohl-cocinas-venovo-mallorca\/\"]}]},{\"@type\":\"ImageObject\",\"inLanguage\":\"de\",\"@id\":\"https:\/\/poggenpohlmallorca.com\/poggenpohl-cocinas-venovo-mallorca\/#primaryimage\",\"url\":\"https:\/\/poggenpohlmallorca.com\/wp-content\/uploads\/2024\/10\/poggenpohl_mallorca_medium-segmento_consumer_landscape.jpg\",\"contentUrl\":\"https:\/\/poggenpohlmallorca.com\/wp-content\/uploads\/2024\/10\/poggenpohl_mallorca_medium-segmento_consumer_landscape.jpg\",\"width\":1920,\"height\":1357},{\"@type\":\"BreadcrumbList\",\"@id\":\"https:\/\/poggenpohlmallorca.com\/poggenpohl-cocinas-venovo-mallorca\/#breadcrumb\",\"itemListElement\":[{\"@type\":\"ListItem\",\"position\":1,\"name\":\"Home\",\"item\":\"https:\/\/poggenpohlmallorca.com\/\"},{\"@type\":\"ListItem\",\"position\":2,\"name\":\"+Venovo\"}]},{\"@type\":\"WebSite\",\"@id\":\"https:\/\/poggenpohlmallorca.com\/#website\",\"url\":\"https:\/\/poggenpohlmallorca.com\/\",\"name\":\"Poggenpohl Mallorca\",\"description\":\"Cocinas de lujo en Mallorca\",\"publisher\":{\"@id\":\"https:\/\/poggenpohlmallorca.com\/#organization\"},\"potentialAction\":[{\"@type\":\"SearchAction\",\"target\":{\"@type\":\"EntryPoint\",\"urlTemplate\":\"https:\/\/poggenpohlmallorca.com\/?s={search_term_string}\"},\"query-input\":{\"@type\":\"PropertyValueSpecification\",\"valueRequired\":true,\"valueName\":\"search_term_string\"}}],\"inLanguage\":\"de\"},{\"@type\":\"Organization\",\"@id\":\"https:\/\/poggenpohlmallorca.com\/#organization\",\"name\":\"Poggenpohl Mallorca\",\"url\":\"https:\/\/poggenpohlmallorca.com\/\",\"logo\":{\"@type\":\"ImageObject\",\"inLanguage\":\"de\",\"@id\":\"https:\/\/poggenpohlmallorca.com\/#\/schema\/logo\/image\/\",\"url\":\"https:\/\/poggenpohlmallorca.com\/wp-content\/uploads\/2020\/04\/Poggenpohl_Logo_Black.svg\",\"contentUrl\":\"https:\/\/poggenpohlmallorca.com\/wp-content\/uploads\/2020\/04\/Poggenpohl_Logo_Black.svg\",\"width\":75,\"height\":48,\"caption\":\"Poggenpohl Mallorca\"},\"image\":{\"@id\":\"https:\/\/poggenpohlmallorca.com\/#\/schema\/logo\/image\/\"},\"sameAs\":[\"https:\/\/www.facebook.com\/p\/Poggenpohlmallorca-100083286881701\/\",\"https:\/\/www.instagram.com\/poggenpohlmallorca\/\"]}]}<\/script>\n<!-- \/ Yoast SEO plugin. -->","yoast_head_json":{"title":"+Venovo - Poggenpohl Mallorca","robots":{"index":"index","follow":"follow","max-snippet":"max-snippet:-1","max-image-preview":"max-image-preview:large","max-video-preview":"max-video-preview:-1"},"canonical":"https:\/\/poggenpohlmallorca.com\/de\/poggenpohl-cocinas-venovo-mallorca\/","og_locale":"de_DE","og_type":"article","og_title":"+Venovo - Poggenpohl Mallorca","og_description":"Libertad y ligereza en un dise\u00f1o que conecta espacios Desde el primer momento, +VENOVO transmite una sensaci\u00f3n \u00fanica de libertad, con un dise\u00f1o que nosotros podemos personalizar para que se ajuste perfectamente a tu espacio. La cocina parece flotar, gracias a sus bastidores laterales que elevan los armarios, creando un ambiente ligero y moderno. Al [&hellip;]","og_url":"https:\/\/poggenpohlmallorca.com\/de\/poggenpohl-cocinas-venovo-mallorca\/","og_site_name":"Poggenpohl Mallorca","article_publisher":"https:\/\/www.facebook.com\/p\/Poggenpohlmallorca-100083286881701\/","article_modified_time":"2024-10-15T13:35:53+00:00","og_image":[{"width":1920,"height":1357,"url":"https:\/\/poggenpohlmallorca.com\/wp-content\/uploads\/2024\/10\/poggenpohl_mallorca_medium-segmento_consumer_landscape.jpg","type":"image\/jpeg"}],"twitter_card":"summary_large_image","twitter_misc":{"Est. reading time":"2 Minuten"},"schema":{"@context":"https:\/\/schema.org","@graph":[{"@type":"WebPage","@id":"https:\/\/poggenpohlmallorca.com\/poggenpohl-cocinas-venovo-mallorca\/","url":"https:\/\/poggenpohlmallorca.com\/poggenpohl-cocinas-venovo-mallorca\/","name":"+Venovo - Poggenpohl Mallorca","isPartOf":{"@id":"https:\/\/poggenpohlmallorca.com\/#website"},"primaryImageOfPage":{"@id":"https:\/\/poggenpohlmallorca.com\/poggenpohl-cocinas-venovo-mallorca\/#primaryimage"},"image":{"@id":"https:\/\/poggenpohlmallorca.com\/poggenpohl-cocinas-venovo-mallorca\/#primaryimage"},"thumbnailUrl":"https:\/\/poggenpohlmallorca.com\/wp-content\/uploads\/2024\/10\/poggenpohl_mallorca_medium-segmento_consumer_landscape.jpg","datePublished":"2024-10-15T10:55:52+00:00","dateModified":"2024-10-15T13:35:53+00:00","breadcrumb":{"@id":"https:\/\/poggenpohlmallorca.com\/poggenpohl-cocinas-venovo-mallorca\/#breadcrumb"},"inLanguage":"de","potentialAction":[{"@type":"ReadAction","target":["https:\/\/poggenpohlmallorca.com\/poggenpohl-cocinas-venovo-mallorca\/"]}]},{"@type":"ImageObject","inLanguage":"de","@id":"https:\/\/poggenpohlmallorca.com\/poggenpohl-cocinas-venovo-mallorca\/#primaryimage","url":"https:\/\/poggenpohlmallorca.com\/wp-content\/uploads\/2024\/10\/poggenpohl_mallorca_medium-segmento_consumer_landscape.jpg","contentUrl":"https:\/\/poggenpohlmallorca.com\/wp-content\/uploads\/2024\/10\/poggenpohl_mallorca_medium-segmento_consumer_landscape.jpg","width":1920,"height":1357},{"@type":"BreadcrumbList","@id":"https:\/\/poggenpohlmallorca.com\/poggenpohl-cocinas-venovo-mallorca\/#breadcrumb","itemListElement":[{"@type":"ListItem","position":1,"name":"Home","item":"https:\/\/poggenpohlmallorca.com\/"},{"@type":"ListItem","position":2,"name":"+Venovo"}]},{"@type":"WebSite","@id":"https:\/\/poggenpohlmallorca.com\/#website","url":"https:\/\/poggenpohlmallorca.com\/","name":"Poggenpohl Mallorca","description":"Cocinas de lujo en Mallorca","publisher":{"@id":"https:\/\/poggenpohlmallorca.com\/#organization"},"potentialAction":[{"@type":"SearchAction","target":{"@type":"EntryPoint","urlTemplate":"https:\/\/poggenpohlmallorca.com\/?s={search_term_string}"},"query-input":{"@type":"PropertyValueSpecification","valueRequired":true,"valueName":"search_term_string"}}],"inLanguage":"de"},{"@type":"Organization","@id":"https:\/\/poggenpohlmallorca.com\/#organization","name":"Poggenpohl Mallorca","url":"https:\/\/poggenpohlmallorca.com\/","logo":{"@type":"ImageObject","inLanguage":"de","@id":"https:\/\/poggenpohlmallorca.com\/#\/schema\/logo\/image\/","url":"https:\/\/poggenpohlmallorca.com\/wp-content\/uploads\/2020\/04\/Poggenpohl_Logo_Black.svg","contentUrl":"https:\/\/poggenpohlmallorca.com\/wp-content\/uploads\/2020\/04\/Poggenpohl_Logo_Black.svg","width":75,"height":48,"caption":"Poggenpohl Mallorca"},"image":{"@id":"https:\/\/poggenpohlmallorca.com\/#\/schema\/logo\/image\/"},"sameAs":["https:\/\/www.facebook.com\/p\/Poggenpohlmallorca-100083286881701\/","https:\/\/www.instagram.com\/poggenpohlmallorca\/"]}]}},"_links":{"self":[{"href":"https:\/\/poggenpohlmallorca.com\/de\/wp-json\/wp\/v2\/pages\/4734"}],"collection":[{"href":"https:\/\/poggenpohlmallorca.com\/de\/wp-json\/wp\/v2\/pages"}],"about":[{"href":"https:\/\/poggenpohlmallorca.com\/de\/wp-json\/wp\/v2\/types\/page"}],"author":[{"embeddable":true,"href":"https:\/\/poggenpohlmallorca.com\/de\/wp-json\/wp\/v2\/users\/1"}],"replies":[{"embeddable":true,"href":"https:\/\/poggenpohlmallorca.com\/de\/wp-json\/wp\/v2\/comments?post=4734"}],"version-history":[{"count":7,"href":"https:\/\/poggenpohlmallorca.com\/de\/wp-json\/wp\/v2\/pages\/4734\/revisions"}],"predecessor-version":[{"id":4796,"href":"https:\/\/poggenpohlmallorca.com\/de\/wp-json\/wp\/v2\/pages\/4734\/revisions\/4796"}],"wp:featuredmedia":[{"embeddable":true,"href":"https:\/\/poggenpohlmallorca.com\/de\/wp-json\/wp\/v2\/media\/4611"}],"wp:attachment":[{"href":"https:\/\/poggenpohlmallorca.com\/de\/wp-json\/wp\/v2\/media?parent=4734"}],"curies":[{"name":"wp","href":"https:\/\/api.w.org\/{rel}","templated":true}]}}